{"id":117398,"date":"2025-11-10T11:19:01","date_gmt":"2025-11-10T10:19:01","guid":{"rendered":"https:\/\/diadem.com\/the7_project\/duo-bildungsministerium-oeffentlicher-stadtgarten-mit-intensivbegruenung\/"},"modified":"2025-12-04T15:29:00","modified_gmt":"2025-12-04T14:29:00","slug":"duo-bildungsministerium-oeffentlicher-stadtgarten-mit-intensivbegruenung","status":"publish","type":"the7_project","link":"https:\/\/diadem.com\/de\/the7_project\/duo-bildungsministerium-oeffentlicher-stadtgarten-mit-intensivbegruenung\/","title":{"rendered":"DUO Bildungsministerium \u2013 \u00d6ffentlicher Stadtgarten mit Intensivbegr\u00fcnung"},"content":{"rendered":"\t\t<div data-elementor-type=\"wp-post\" data-elementor-id=\"117398\" class=\"elementor elementor-117398 elementor-117283\" data-elementor-post-type=\"the7_project\">\n\t\t\t\t<div class=\"elementor-element elementor-element-c1dd3c3 e-flex e-con-boxed e-con e-parent\" data-id=\"c1dd3c3\" data-element_type=\"container\" data-e-type=\"container\">\n\t\t\t\t\t<div class=\"e-con-inner\">\n\t\t\t\t<div class=\"elementor-element elementor-element-6cf6b64 elementor-widget elementor-widget-heading\" data-id=\"6cf6b64\" data-element_type=\"widget\" data-e-type=\"widget\" data-widget_type=\"heading.default\">\n\t\t\t\t<div class=\"elementor-widget-container\">\n\t\t\t\t\t<h2 class=\"elementor-heading-title elementor-size-default\">Gr\u00fcndachfl\u00e4che: 11.000 m\u00b2<\/h2>\t\t\t\t<\/div>\n\t\t\t\t<\/div>\n\t\t\t\t<div class=\"elementor-element elementor-element-73112b4 elementor-widget elementor-widget-text-editor\" data-id=\"73112b4\" data-element_type=\"widget\" data-e-type=\"widget\" data-widget_type=\"text-editor.default\">\n\t\t\t\t<div class=\"elementor-widget-container\">\n\t\t\t\t\t\t\t\t\t<p>Die im Jahr 2013 realisierte intensive Dachbegr\u00fcnung wurde als DIADEM-750 Mehrschicht-System auf dem einst\u00f6ckigen unterirdischen Parkhaus installiert. Das Das Dach dient als \u00f6ffentlich zug\u00e4nglicher Stadtgarten und schafft eine hochwertige urbane Gr\u00fcnfl\u00e4che im Herzen des Komplexes.  <\/p>\t\t\t\t\t\t\t\t<\/div>\n\t\t\t\t<\/div>\n\t\t\t\t\t<\/div>\n\t\t\t\t<\/div>\n\t\t<div class=\"elementor-element elementor-element-ee0ae1a e-flex e-con-boxed e-con e-parent\" data-id=\"ee0ae1a\" data-element_type=\"container\" data-e-type=\"container\">\n\t\t\t\t\t<div class=\"e-con-inner\">\n\t\t<div class=\"elementor-element elementor-element-b720848 e-con-full e-flex e-con e-child\" data-id=\"b720848\" data-element_type=\"container\" data-e-type=\"container\">\n\t\t\t\t<div class=\"elementor-element elementor-element-222c093 elementor-widget elementor-widget-text-editor\" data-id=\"222c093\" data-element_type=\"widget\" data-e-type=\"widget\" data-widget_type=\"text-editor.default\">\n\t\t\t\t<div class=\"elementor-widget-container\">\n\t\t\t\t\t\t\t\t\t<p>Projektleiter: Mr. Jaap Wiedenhoff<br>Projektmanager, UNStudio: Mr. Gerard Loozekoot<\/p><p>Hauptdistributor: Joosten Kunststoffen BV, Galgendaal 24, Gendt NL-6691, Niederlande<br>Ansprechpartner: Mr. Geert-Jan Derksen, Sales Manager <\/p><p>Projektbeschreibung:<br>Das Projekt umfasst 46.000 m\u00b2 B\u00fcrofl\u00e4chen und eine eingeschossige Tiefgarage mit Platz f\u00fcr 675 Autos. Auf deren Dach befindet sich ein \u00f6ffentlicher Stadtgarten, der ein 11.000 m\u00b2 gro\u00dfes Intensivdach bildet-ein herausragendes Beispiel f\u00fcr nachhaltige Stadtgestaltung und innovative Gr\u00fcndachtechnologie. <\/p>\t\t\t\t\t\t\t\t<\/div>\n\t\t\t\t<\/div>\n\t\t\t\t<\/div>\n\t\t<div class=\"elementor-element elementor-element-6151e87 e-con-full e-flex e-con e-child\" data-id=\"6151e87\" data-element_type=\"container\" data-e-type=\"container\">\n\t\t\t\t<div class=\"elementor-element elementor-element-c9d774c elementor-widget elementor-widget-image\" data-id=\"c9d774c\" data-element_type=\"widget\" data-e-type=\"widget\" data-widget_type=\"image.default\">\n\t\t\t\t<div class=\"elementor-widget-container\">\n\t\t\t\t\t\t\t\t\t\t\t\t\t\t\t<img fetchpriority=\"high\" decoding=\"async\" width=\"1024\" height=\"519\" src=\"https:\/\/diadem.com\/wp-content\/uploads\/2025\/11\/02_Groningen-Belastingdienst-20160831-55_konturokat_javitani-1024x519.jpg\" class=\"attachment-large size-large wp-image-117306\" alt=\"\" srcset=\"https:\/\/diadem.com\/wp-content\/uploads\/2025\/11\/02_Groningen-Belastingdienst-20160831-55_konturokat_javitani-1024x519.jpg 1024w, https:\/\/diadem.com\/wp-content\/uploads\/2025\/11\/02_Groningen-Belastingdienst-20160831-55_konturokat_javitani-300x152.jpg 300w, https:\/\/diadem.com\/wp-content\/uploads\/2025\/11\/02_Groningen-Belastingdienst-20160831-55_konturokat_javitani-768x389.jpg 768w, https:\/\/diadem.com\/wp-content\/uploads\/2025\/11\/02_Groningen-Belastingdienst-20160831-55_konturokat_javitani-1536x779.jpg 1536w, https:\/\/diadem.com\/wp-content\/uploads\/2025\/11\/02_Groningen-Belastingdienst-20160831-55_konturokat_javitani-2048x1038.jpg 2048w\" sizes=\"(max-width: 1024px) 100vw, 1024px\" \/>\t\t\t\t\t\t\t\t\t\t\t\t\t\t\t<\/div>\n\t\t\t\t<\/div>\n\t\t\t\t<\/div>\n\t\t\t\t\t<\/div>\n\t\t\t\t<\/div>\n\t\t<div class=\"elementor-element elementor-element-fe0685f e-flex e-con-boxed e-con e-parent\" data-id=\"fe0685f\" data-element_type=\"container\" data-e-type=\"container\">\n\t\t\t\t\t<div class=\"e-con-inner\">\n\t\t<div class=\"elementor-element elementor-element-836416f e-con-full e-flex e-con e-child\" data-id=\"836416f\" data-element_type=\"container\" data-e-type=\"container\">\n\t\t\t\t<div class=\"elementor-element elementor-element-65cdcff elementor-widget elementor-widget-image\" data-id=\"65cdcff\" data-element_type=\"widget\" data-e-type=\"widget\" data-widget_type=\"image.default\">\n\t\t\t\t<div class=\"elementor-widget-container\">\n\t\t\t\t\t\t\t\t\t\t\t\t\t\t\t<img decoding=\"async\" width=\"1024\" height=\"519\" src=\"https:\/\/diadem.com\/wp-content\/uploads\/2025\/11\/06_Novo-Nordisk_fyrtarn_ByggrosDK-1024x519.jpg\" class=\"attachment-large size-large wp-image-117311\" alt=\"\" srcset=\"https:\/\/diadem.com\/wp-content\/uploads\/2025\/11\/06_Novo-Nordisk_fyrtarn_ByggrosDK-1024x519.jpg 1024w, https:\/\/diadem.com\/wp-content\/uploads\/2025\/11\/06_Novo-Nordisk_fyrtarn_ByggrosDK-300x152.jpg 300w, https:\/\/diadem.com\/wp-content\/uploads\/2025\/11\/06_Novo-Nordisk_fyrtarn_ByggrosDK-768x389.jpg 768w, https:\/\/diadem.com\/wp-content\/uploads\/2025\/11\/06_Novo-Nordisk_fyrtarn_ByggrosDK-1536x779.jpg 1536w, https:\/\/diadem.com\/wp-content\/uploads\/2025\/11\/06_Novo-Nordisk_fyrtarn_ByggrosDK-2048x1038.jpg 2048w\" sizes=\"(max-width: 1024px) 100vw, 1024px\" \/>\t\t\t\t\t\t\t\t\t\t\t\t\t\t\t<\/div>\n\t\t\t\t<\/div>\n\t\t\t\t<\/div>\n\t\t<div class=\"elementor-element elementor-element-b2713f9 e-con-full e-flex e-con e-child\" data-id=\"b2713f9\" data-element_type=\"container\" data-e-type=\"container\">\n\t\t\t\t<div class=\"elementor-element elementor-element-8b66211 elementor-widget elementor-widget-image\" data-id=\"8b66211\" data-element_type=\"widget\" data-e-type=\"widget\" data-widget_type=\"image.default\">\n\t\t\t\t<div class=\"elementor-widget-container\">\n\t\t\t\t\t\t\t\t\t\t\t\t\t\t\t<img decoding=\"async\" width=\"1024\" height=\"682\" src=\"https:\/\/diadem.com\/wp-content\/uploads\/2025\/11\/03b_Groningen-Belastingdienst-20160831-112-1024x682.jpg\" class=\"attachment-large size-large wp-image-117316\" alt=\"\" srcset=\"https:\/\/diadem.com\/wp-content\/uploads\/2025\/11\/03b_Groningen-Belastingdienst-20160831-112-1024x682.jpg 1024w, https:\/\/diadem.com\/wp-content\/uploads\/2025\/11\/03b_Groningen-Belastingdienst-20160831-112-300x200.jpg 300w, https:\/\/diadem.com\/wp-content\/uploads\/2025\/11\/03b_Groningen-Belastingdienst-20160831-112-768x512.jpg 768w, https:\/\/diadem.com\/wp-content\/uploads\/2025\/11\/03b_Groningen-Belastingdienst-20160831-112-1536x1024.jpg 1536w, https:\/\/diadem.com\/wp-content\/uploads\/2025\/11\/03b_Groningen-Belastingdienst-20160831-112.jpg 2000w\" sizes=\"(max-width: 1024px) 100vw, 1024px\" \/>\t\t\t\t\t\t\t\t\t\t\t\t\t\t\t<\/div>\n\t\t\t\t<\/div>\n\t\t\t\t<\/div>\n\t\t<div class=\"elementor-element elementor-element-36c1de0 e-con-full e-flex e-con e-child\" data-id=\"36c1de0\" data-element_type=\"container\" data-e-type=\"container\">\n\t\t\t\t<div class=\"elementor-element elementor-element-60b64cf elementor-widget elementor-widget-image\" data-id=\"60b64cf\" data-element_type=\"widget\" data-e-type=\"widget\" data-widget_type=\"image.default\">\n\t\t\t\t<div class=\"elementor-widget-container\">\n\t\t\t\t\t\t\t\t\t\t\t\t\t\t\t<img loading=\"lazy\" decoding=\"async\" width=\"1024\" height=\"519\" src=\"https:\/\/diadem.com\/wp-content\/uploads\/2025\/11\/DUO_Groningen-1024x519.jpg\" class=\"attachment-large size-large wp-image-117291\" alt=\"\" srcset=\"https:\/\/diadem.com\/wp-content\/uploads\/2025\/11\/DUO_Groningen-1024x519.jpg 1024w, https:\/\/diadem.com\/wp-content\/uploads\/2025\/11\/DUO_Groningen-300x152.jpg 300w, https:\/\/diadem.com\/wp-content\/uploads\/2025\/11\/DUO_Groningen-768x389.jpg 768w, https:\/\/diadem.com\/wp-content\/uploads\/2025\/11\/DUO_Groningen-1536x779.jpg 1536w, https:\/\/diadem.com\/wp-content\/uploads\/2025\/11\/DUO_Groningen-2048x1038.jpg 2048w\" sizes=\"(max-width: 1024px) 100vw, 1024px\" \/>\t\t\t\t\t\t\t\t\t\t\t\t\t\t\t<\/div>\n\t\t\t\t<\/div>\n\t\t\t\t<\/div>\n\t\t\t\t\t<\/div>\n\t\t\t\t<\/div>\n\t\t\t\t<\/div>\n\t\t","protected":false},"excerpt":{"rendered":"<p>Gr\u00fcndachfl\u00e4che: 11.000 m\u00b2 Die im Jahr 2013 realisierte intensive Dachbegr\u00fcnung wurde als DIADEM-750 Mehrschicht-System auf dem einst\u00f6ckigen unterirdischen Parkhaus installiert. Das Das Dach dient als \u00f6ffentlich zug\u00e4nglicher Stadtgarten und schafft eine hochwertige urbane Gr\u00fcnfl\u00e4che im Herzen des Komplexes. Projektleiter: Mr. Jaap WiedenhoffProjektmanager, UNStudio: Mr. Gerard Loozekoot Hauptdistributor: Joosten Kunststoffen BV, Galgendaal 24, Gendt NL-6691, NiederlandeAnsprechpartner:&hellip;<\/p>\n","protected":false},"featured_media":117311,"template":"","meta":{"_acf_changed":false},"the7_project_category":[396],"class_list":["post-117398","the7_project","type-the7_project","status-publish","has-post-thumbnail","hentry","the7_project_category-diadem-projects-de"],"acf":[],"yoast_head":"<!-- This site is optimized with the Yoast SEO Premium plugin v27.3 (Yoast SEO v27.3) - https:\/\/yoast.com\/product\/yoast-seo-premium-wordpress\/ -->\n<title>DUO Bildungsministerium \u2013 \u00d6ffentlicher Stadtgarten mit Intensivbegr\u00fcnung - Diadem<\/title>\n<meta name=\"robots\" content=\"index, follow, max-snippet:-1, max-image-preview:large, max-video-preview:-1\" \/>\n<link rel=\"canonical\" href=\"https:\/\/diadem.com\/de\/the7_project\/duo-bildungsministerium-oeffentlicher-stadtgarten-mit-intensivbegruenung\/\" \/>\n<meta property=\"og:locale\" content=\"de_DE\" \/>\n<meta property=\"og:type\" content=\"article\" \/>\n<meta property=\"og:title\" content=\"DUO Bildungsministerium \u2013 \u00d6ffentlicher Stadtgarten mit Intensivbegr\u00fcnung\" \/>\n<meta property=\"og:description\" content=\"Gr\u00fcndachfl\u00e4che: 11.000 m\u00b2 Die im Jahr 2013 realisierte intensive Dachbegr\u00fcnung wurde als DIADEM-750 Mehrschicht-System auf dem einst\u00f6ckigen unterirdischen Parkhaus installiert. Das Das Dach dient als \u00f6ffentlich zug\u00e4nglicher Stadtgarten und schafft eine hochwertige urbane Gr\u00fcnfl\u00e4che im Herzen des Komplexes. Projektleiter: Mr. Jaap WiedenhoffProjektmanager, UNStudio: Mr. Gerard Loozekoot Hauptdistributor: Joosten Kunststoffen BV, Galgendaal 24, Gendt NL-6691, NiederlandeAnsprechpartner:&hellip;\" \/>\n<meta property=\"og:url\" content=\"https:\/\/diadem.com\/de\/the7_project\/duo-bildungsministerium-oeffentlicher-stadtgarten-mit-intensivbegruenung\/\" \/>\n<meta property=\"og:site_name\" content=\"Diadem\" \/>\n<meta property=\"article:publisher\" content=\"https:\/\/www.facebook.com\/diadem.greenroof\" \/>\n<meta property=\"article:modified_time\" content=\"2025-12-04T14:29:00+00:00\" \/>\n<meta property=\"og:image\" content=\"https:\/\/diadem.com\/wp-content\/uploads\/2025\/11\/06_Novo-Nordisk_fyrtarn_ByggrosDK-scaled.jpg\" \/>\n\t<meta property=\"og:image:width\" content=\"2560\" \/>\n\t<meta property=\"og:image:height\" content=\"1298\" \/>\n\t<meta property=\"og:image:type\" content=\"image\/jpeg\" \/>\n<meta name=\"twitter:card\" content=\"summary_large_image\" \/>\n<meta name=\"twitter:label1\" content=\"Gesch\u00e4tzte Lesezeit\" \/>\n\t<meta name=\"twitter:data1\" content=\"1\u00a0Minute\" \/>\n<script type=\"application\/ld+json\" class=\"yoast-schema-graph\">{\"@context\":\"https:\\\/\\\/schema.org\",\"@graph\":[{\"@type\":\"WebPage\",\"@id\":\"https:\\\/\\\/diadem.com\\\/de\\\/the7_project\\\/duo-bildungsministerium-oeffentlicher-stadtgarten-mit-intensivbegruenung\\\/\",\"url\":\"https:\\\/\\\/diadem.com\\\/de\\\/the7_project\\\/duo-bildungsministerium-oeffentlicher-stadtgarten-mit-intensivbegruenung\\\/\",\"name\":\"DUO Bildungsministerium \u2013 \u00d6ffentlicher Stadtgarten mit Intensivbegr\u00fcnung - Diadem\",\"isPartOf\":{\"@id\":\"https:\\\/\\\/diadem.com\\\/de\\\/#website\"},\"primaryImageOfPage\":{\"@id\":\"https:\\\/\\\/diadem.com\\\/de\\\/the7_project\\\/duo-bildungsministerium-oeffentlicher-stadtgarten-mit-intensivbegruenung\\\/#primaryimage\"},\"image\":{\"@id\":\"https:\\\/\\\/diadem.com\\\/de\\\/the7_project\\\/duo-bildungsministerium-oeffentlicher-stadtgarten-mit-intensivbegruenung\\\/#primaryimage\"},\"thumbnailUrl\":\"https:\\\/\\\/diadem.com\\\/wp-content\\\/uploads\\\/2025\\\/11\\\/06_Novo-Nordisk_fyrtarn_ByggrosDK-scaled.jpg\",\"datePublished\":\"2025-11-10T10:19:01+00:00\",\"dateModified\":\"2025-12-04T14:29:00+00:00\",\"breadcrumb\":{\"@id\":\"https:\\\/\\\/diadem.com\\\/de\\\/the7_project\\\/duo-bildungsministerium-oeffentlicher-stadtgarten-mit-intensivbegruenung\\\/#breadcrumb\"},\"inLanguage\":\"de\",\"potentialAction\":[{\"@type\":\"ReadAction\",\"target\":[\"https:\\\/\\\/diadem.com\\\/de\\\/the7_project\\\/duo-bildungsministerium-oeffentlicher-stadtgarten-mit-intensivbegruenung\\\/\"]}]},{\"@type\":\"ImageObject\",\"inLanguage\":\"de\",\"@id\":\"https:\\\/\\\/diadem.com\\\/de\\\/the7_project\\\/duo-bildungsministerium-oeffentlicher-stadtgarten-mit-intensivbegruenung\\\/#primaryimage\",\"url\":\"https:\\\/\\\/diadem.com\\\/wp-content\\\/uploads\\\/2025\\\/11\\\/06_Novo-Nordisk_fyrtarn_ByggrosDK-scaled.jpg\",\"contentUrl\":\"https:\\\/\\\/diadem.com\\\/wp-content\\\/uploads\\\/2025\\\/11\\\/06_Novo-Nordisk_fyrtarn_ByggrosDK-scaled.jpg\",\"width\":2560,\"height\":1298},{\"@type\":\"BreadcrumbList\",\"@id\":\"https:\\\/\\\/diadem.com\\\/de\\\/the7_project\\\/duo-bildungsministerium-oeffentlicher-stadtgarten-mit-intensivbegruenung\\\/#breadcrumb\",\"itemListElement\":[{\"@type\":\"ListItem\",\"position\":1,\"name\":\"Home\",\"item\":\"https:\\\/\\\/diadem.com\\\/de\\\/\"},{\"@type\":\"ListItem\",\"position\":2,\"name\":\"DUO Bildungsministerium \u2013 \u00d6ffentlicher Stadtgarten mit Intensivbegr\u00fcnung\"}]},{\"@type\":\"WebSite\",\"@id\":\"https:\\\/\\\/diadem.com\\\/de\\\/#website\",\"url\":\"https:\\\/\\\/diadem.com\\\/de\\\/\",\"name\":\"Diadem\",\"description\":\"Green Up The Roof!\",\"publisher\":{\"@id\":\"https:\\\/\\\/diadem.com\\\/de\\\/#organization\"},\"potentialAction\":[{\"@type\":\"SearchAction\",\"target\":{\"@type\":\"EntryPoint\",\"urlTemplate\":\"https:\\\/\\\/diadem.com\\\/de\\\/?s={search_term_string}\"},\"query-input\":{\"@type\":\"PropertyValueSpecification\",\"valueRequired\":true,\"valueName\":\"search_term_string\"}}],\"inLanguage\":\"de\"},{\"@type\":\"Organization\",\"@id\":\"https:\\\/\\\/diadem.com\\\/de\\\/#organization\",\"name\":\"Diadem\",\"url\":\"https:\\\/\\\/diadem.com\\\/de\\\/\",\"logo\":{\"@type\":\"ImageObject\",\"inLanguage\":\"de\",\"@id\":\"https:\\\/\\\/diadem.com\\\/de\\\/#\\\/schema\\\/logo\\\/image\\\/\",\"url\":\"https:\\\/\\\/diadem.com\\\/wp-content\\\/uploads\\\/2020\\\/11\\\/2.png\",\"contentUrl\":\"https:\\\/\\\/diadem.com\\\/wp-content\\\/uploads\\\/2020\\\/11\\\/2.png\",\"width\":1920,\"height\":1080,\"caption\":\"Diadem\"},\"image\":{\"@id\":\"https:\\\/\\\/diadem.com\\\/de\\\/#\\\/schema\\\/logo\\\/image\\\/\"},\"sameAs\":[\"https:\\\/\\\/www.facebook.com\\\/diadem.greenroof\"]}]}<\/script>\n<!-- \/ Yoast SEO Premium plugin. -->","yoast_head_json":{"title":"DUO Bildungsministerium \u2013 \u00d6ffentlicher Stadtgarten mit Intensivbegr\u00fcnung - Diadem","robots":{"index":"index","follow":"follow","max-snippet":"max-snippet:-1","max-image-preview":"max-image-preview:large","max-video-preview":"max-video-preview:-1"},"canonical":"https:\/\/diadem.com\/de\/the7_project\/duo-bildungsministerium-oeffentlicher-stadtgarten-mit-intensivbegruenung\/","og_locale":"de_DE","og_type":"article","og_title":"DUO Bildungsministerium \u2013 \u00d6ffentlicher Stadtgarten mit Intensivbegr\u00fcnung","og_description":"Gr\u00fcndachfl\u00e4che: 11.000 m\u00b2 Die im Jahr 2013 realisierte intensive Dachbegr\u00fcnung wurde als DIADEM-750 Mehrschicht-System auf dem einst\u00f6ckigen unterirdischen Parkhaus installiert. Das Das Dach dient als \u00f6ffentlich zug\u00e4nglicher Stadtgarten und schafft eine hochwertige urbane Gr\u00fcnfl\u00e4che im Herzen des Komplexes. Projektleiter: Mr. Jaap WiedenhoffProjektmanager, UNStudio: Mr. Gerard Loozekoot Hauptdistributor: Joosten Kunststoffen BV, Galgendaal 24, Gendt NL-6691, NiederlandeAnsprechpartner:&hellip;","og_url":"https:\/\/diadem.com\/de\/the7_project\/duo-bildungsministerium-oeffentlicher-stadtgarten-mit-intensivbegruenung\/","og_site_name":"Diadem","article_publisher":"https:\/\/www.facebook.com\/diadem.greenroof","article_modified_time":"2025-12-04T14:29:00+00:00","og_image":[{"width":2560,"height":1298,"url":"https:\/\/diadem.com\/wp-content\/uploads\/2025\/11\/06_Novo-Nordisk_fyrtarn_ByggrosDK-scaled.jpg","type":"image\/jpeg"}],"twitter_card":"summary_large_image","twitter_misc":{"Gesch\u00e4tzte Lesezeit":"1\u00a0Minute"},"schema":{"@context":"https:\/\/schema.org","@graph":[{"@type":"WebPage","@id":"https:\/\/diadem.com\/de\/the7_project\/duo-bildungsministerium-oeffentlicher-stadtgarten-mit-intensivbegruenung\/","url":"https:\/\/diadem.com\/de\/the7_project\/duo-bildungsministerium-oeffentlicher-stadtgarten-mit-intensivbegruenung\/","name":"DUO Bildungsministerium \u2013 \u00d6ffentlicher Stadtgarten mit Intensivbegr\u00fcnung - Diadem","isPartOf":{"@id":"https:\/\/diadem.com\/de\/#website"},"primaryImageOfPage":{"@id":"https:\/\/diadem.com\/de\/the7_project\/duo-bildungsministerium-oeffentlicher-stadtgarten-mit-intensivbegruenung\/#primaryimage"},"image":{"@id":"https:\/\/diadem.com\/de\/the7_project\/duo-bildungsministerium-oeffentlicher-stadtgarten-mit-intensivbegruenung\/#primaryimage"},"thumbnailUrl":"https:\/\/diadem.com\/wp-content\/uploads\/2025\/11\/06_Novo-Nordisk_fyrtarn_ByggrosDK-scaled.jpg","datePublished":"2025-11-10T10:19:01+00:00","dateModified":"2025-12-04T14:29:00+00:00","breadcrumb":{"@id":"https:\/\/diadem.com\/de\/the7_project\/duo-bildungsministerium-oeffentlicher-stadtgarten-mit-intensivbegruenung\/#breadcrumb"},"inLanguage":"de","potentialAction":[{"@type":"ReadAction","target":["https:\/\/diadem.com\/de\/the7_project\/duo-bildungsministerium-oeffentlicher-stadtgarten-mit-intensivbegruenung\/"]}]},{"@type":"ImageObject","inLanguage":"de","@id":"https:\/\/diadem.com\/de\/the7_project\/duo-bildungsministerium-oeffentlicher-stadtgarten-mit-intensivbegruenung\/#primaryimage","url":"https:\/\/diadem.com\/wp-content\/uploads\/2025\/11\/06_Novo-Nordisk_fyrtarn_ByggrosDK-scaled.jpg","contentUrl":"https:\/\/diadem.com\/wp-content\/uploads\/2025\/11\/06_Novo-Nordisk_fyrtarn_ByggrosDK-scaled.jpg","width":2560,"height":1298},{"@type":"BreadcrumbList","@id":"https:\/\/diadem.com\/de\/the7_project\/duo-bildungsministerium-oeffentlicher-stadtgarten-mit-intensivbegruenung\/#breadcrumb","itemListElement":[{"@type":"ListItem","position":1,"name":"Home","item":"https:\/\/diadem.com\/de\/"},{"@type":"ListItem","position":2,"name":"DUO Bildungsministerium \u2013 \u00d6ffentlicher Stadtgarten mit Intensivbegr\u00fcnung"}]},{"@type":"WebSite","@id":"https:\/\/diadem.com\/de\/#website","url":"https:\/\/diadem.com\/de\/","name":"Diadem","description":"Green Up The Roof!","publisher":{"@id":"https:\/\/diadem.com\/de\/#organization"},"potentialAction":[{"@type":"SearchAction","target":{"@type":"EntryPoint","urlTemplate":"https:\/\/diadem.com\/de\/?s={search_term_string}"},"query-input":{"@type":"PropertyValueSpecification","valueRequired":true,"valueName":"search_term_string"}}],"inLanguage":"de"},{"@type":"Organization","@id":"https:\/\/diadem.com\/de\/#organization","name":"Diadem","url":"https:\/\/diadem.com\/de\/","logo":{"@type":"ImageObject","inLanguage":"de","@id":"https:\/\/diadem.com\/de\/#\/schema\/logo\/image\/","url":"https:\/\/diadem.com\/wp-content\/uploads\/2020\/11\/2.png","contentUrl":"https:\/\/diadem.com\/wp-content\/uploads\/2020\/11\/2.png","width":1920,"height":1080,"caption":"Diadem"},"image":{"@id":"https:\/\/diadem.com\/de\/#\/schema\/logo\/image\/"},"sameAs":["https:\/\/www.facebook.com\/diadem.greenroof"]}]}},"_links":{"self":[{"href":"https:\/\/diadem.com\/de\/wp-json\/wp\/v2\/the7_project\/117398","targetHints":{"allow":["GET"]}}],"collection":[{"href":"https:\/\/diadem.com\/de\/wp-json\/wp\/v2\/the7_project"}],"about":[{"href":"https:\/\/diadem.com\/de\/wp-json\/wp\/v2\/types\/the7_project"}],"version-history":[{"count":1,"href":"https:\/\/diadem.com\/de\/wp-json\/wp\/v2\/the7_project\/117398\/revisions"}],"predecessor-version":[{"id":117399,"href":"https:\/\/diadem.com\/de\/wp-json\/wp\/v2\/the7_project\/117398\/revisions\/117399"}],"wp:featuredmedia":[{"embeddable":true,"href":"https:\/\/diadem.com\/de\/wp-json\/wp\/v2\/media\/117311"}],"wp:attachment":[{"href":"https:\/\/diadem.com\/de\/wp-json\/wp\/v2\/media?parent=117398"}],"wp:term":[{"taxonomy":"the7_project_category","embeddable":true,"href":"https:\/\/diadem.com\/de\/wp-json\/wp\/v2\/the7_project_category?post=117398"}],"curies":[{"name":"wp","href":"https:\/\/api.w.org\/{rel}","templated":true}]}}