{"id":102182,"date":"2024-04-21T21:40:07","date_gmt":"2024-04-21T20:40:07","guid":{"rendered":"http:\/\/diadem.com\/the7_project\/torre-pelli-seville-spain\/"},"modified":"2024-06-25T13:32:59","modified_gmt":"2024-06-25T13:32:59","slug":"torre-pelli-seville-spain","status":"publish","type":"the7_project","link":"https:\/\/diadem.com\/hu\/the7_project\/torre-pelli-seville-spain\/","title":{"rendered":"Torre Pelli \/ Seville, Spain"},"content":{"rendered":"\t\t<div data-elementor-type=\"wp-post\" data-elementor-id=\"102182\" class=\"elementor elementor-102182 elementor-98346\" data-elementor-post-type=\"the7_project\">\n\t\t\t\t\t\t<section class=\"elementor-section elementor-top-section elementor-element elementor-element-74ec01f1 elementor-section-full_width elementor-section-height-default elementor-section-height-default\" data-id=\"74ec01f1\" data-element_type=\"section\" data-e-type=\"section\">\n\t\t\t\t\t\t<div class=\"elementor-container elementor-column-gap-wider\">\n\t\t\t\t\t<div class=\"elementor-column elementor-col-50 elementor-top-column elementor-element elementor-element-2794f0e6\" data-id=\"2794f0e6\" data-element_type=\"column\" data-e-type=\"column\">\n\t\t\t<div class=\"elementor-widget-wrap elementor-element-populated\">\n\t\t\t\t\t\t<div class=\"elementor-element elementor-element-4d1929a1 elementor-hidden-tablet elementor-hidden-mobile elementor-widget elementor-widget-spacer\" data-id=\"4d1929a1\" data-element_type=\"widget\" data-e-type=\"widget\" data-widget_type=\"spacer.default\">\n\t\t\t\t<div class=\"elementor-widget-container\">\n\t\t\t\t\t\t\t<div class=\"elementor-spacer\">\n\t\t\t<div class=\"elementor-spacer-inner\"><\/div>\n\t\t<\/div>\n\t\t\t\t\t\t<\/div>\n\t\t\t\t<\/div>\n\t\t\t\t<div class=\"elementor-element elementor-element-65e6101c elementor-widget elementor-widget-heading\" data-id=\"65e6101c\" data-element_type=\"widget\" data-e-type=\"widget\" data-widget_type=\"heading.default\">\n\t\t\t\t<div class=\"elementor-widget-container\">\n\t\t\t\t\t<h4 class=\"elementor-heading-title elementor-size-default\">Torre Pelli<\/h4>\t\t\t\t<\/div>\n\t\t\t\t<\/div>\n\t\t\t\t<div class=\"elementor-element elementor-element-1090ec5 elementor-widget elementor-widget-spacer\" data-id=\"1090ec5\" data-element_type=\"widget\" data-e-type=\"widget\" data-widget_type=\"spacer.default\">\n\t\t\t\t<div class=\"elementor-widget-container\">\n\t\t\t\t\t\t\t<div class=\"elementor-spacer\">\n\t\t\t<div class=\"elementor-spacer-inner\"><\/div>\n\t\t<\/div>\n\t\t\t\t\t\t<\/div>\n\t\t\t\t<\/div>\n\t\t\t\t<div class=\"elementor-element elementor-element-fa558c8 elementor-widget elementor-widget-text-editor\" data-id=\"fa558c8\" data-element_type=\"widget\" data-e-type=\"widget\" data-widget_type=\"text-editor.default\">\n\t\t\t\t<div class=\"elementor-widget-container\">\n\t\t\t\t\t\t\t\t\t<div class=\"vc_column_container col-md-6\">\n<div class=\"wpb_wrapper vc_column-inner\">\n<div class=\"wpb_text_column wpb_content_element \">\n<div class=\"wpb_wrapper\">\n<p>Azt mondj\u00e1k, a felh\u0151karcol\u00f3k nem fenntarthat\u00f3k. Nos, ennek t\u00f6bb mint 14.000 m2 gy\u00f6ny\u00f6r\u0171 z\u00f6ldtet\u0151je van. A Torre Pelli, m\u00e1s n\u00e9ven Iberdrola-torony, egy \u00fatt\u00f6r\u0151 felh\u0151karcol\u00f3, amely a spanyolorsz\u00e1gi Sevilla l\u00e1tk\u00e9p\u00e9t d\u00edsz\u00edti. 165 m\u00e9terrel a v\u00e1ros f\u00f6l\u00e9 emelkedve az \u00e9p\u00edt\u00e9szeti kiv\u00e1l\u00f3s\u00e1g \u00e9s a k\u00f6rnyezeti felel\u0151ss\u00e9g szimb\u00f3lumak\u00e9nt \u00e1ll. Az \u00e9p\u00fclet az Egyes\u00fclt \u00c1llamok Green Building Council \u00e1ltal oda\u00edt\u00e9lt LEED Platinum tan\u00fas\u00edtv\u00e1ny alapj\u00e1n \u00e9p\u00fclt, amely az \u00e9p\u00fcletek legmagasabb fenntarthat\u00f3s\u00e1gi min\u0151s\u00edt\u00e9se.  <\/p>\n<p><strong> Fenntarthat\u00f3 z\u00f6ldtet\u0151k:<\/strong><br \/>Csapatunk abban a megtiszteltet\u00e9sben r\u00e9szes\u00fclt, hogy ennek az \u00e9p\u00edt\u00e9szeti gy\u00f6ngyszemnek a z\u00f6ldtet\u0151it gy\u00e1rthatta. Ezek a z\u00f6ldell\u0151 tet\u0151k nem csak a term\u00e9szet var\u00e1zslatos \u00e9rint\u00e9s\u00e9t adj\u00e1k a v\u00e1rosi t\u00e1jhoz, hanem kulcsszerepet j\u00e1tszanak az energiahat\u00e9konys\u00e1gban \u00e9s a k\u00f6rnyezetv\u00e9delemben is. A z\u00f6ldtet\u0151 k\u00e9t \u201ep\u00f3diumra\u201d van osztva.   <br \/>Ezek a \u201ep\u00f3diumok\u201d k\u00e9tf\u00e9lek\u00e9ppen \u00e1llnak v\u00e1ltoz\u00f3 meredek (hosszir\u00e1ny\u00fa \u00e9s keresztir\u00e1ny\u00fa) \u00e9s elvetem\u00fclt lejt\u0151kkel (csavart lejt\u0151kkel).<\/p>\n<p><strong> \u00c9p\u00edt\u00e9szeti csoda:<\/strong><br \/>A l\u00e1tnoki \u00e9p\u00edt\u00e9sz, C\u00e9sar Pelli (1932-2019) \u00e1ltal tervezett Torre Pelli bemutatja figyelemre m\u00e9lt\u00f3 tehets\u00e9g\u00e9t a modern eszt\u00e9tika \u00e9s a k\u00f6rnyezettudatos tervez\u00e9si elvek z\u00f6kken\u0151mentes egyes\u00edt\u00e9se ter\u00e9n. A torony eleg\u00e1ns, \u00fcveggel bor\u00edtott homlokzata term\u00e9szetes f\u00e9nyt enged be a belsej\u00e9be, cs\u00f6kkentve az energiafogyaszt\u00e1st, mik\u00f6zben jav\u00edtja a lak\u00f3k j\u00f3l\u00e9t\u00e9t. <\/p>\n<p><strong>K\u00f6rnyezeti hat\u00e1s:<\/strong><br \/>A Torre Pelli a fenntarthat\u00f3s\u00e1g ir\u00e1nti elk\u00f6telezetts\u00e9ge t\u00falmutat z\u00f6ldtet\u0151in. A torony energiahat\u00e9kony rendszerekkel, es\u0151v\u00edz-gy\u0171jt\u00e9ssel \u00e9s sz\u00e1mos k\u00f6rnyezettudatos funkci\u00f3val b\u00fcszk\u00e9lkedhet, amelyek megfelelnek a felel\u0151s v\u00e1rosfejleszt\u00e9s ir\u00e1nti mai ig\u00e9nyeknek. <\/p>\n<p>A DIADEM\u00ae-n\u00e9l rendk\u00edv\u00fcl b\u00fcszk\u00e9k vagyunk arra, hogy hozz\u00e1j\u00e1rulhatunk ikonikus \u00e9p\u00edt\u00e9szeti projektekhez, amelyek \u00faj szintre emelik az innov\u00e1ci\u00f3 \u00e9s a fenntarthat\u00f3s\u00e1g hat\u00e1rait. Ma nagy \u00f6r\u00f6m\u00fcnkre szolg\u00e1l, hogy reflektorf\u00e9nybe \u00e1ll\u00edthatjuk a hihetetlen Torre Pellit \u2013 egy igazi csod\u00e1t a felh\u0151karcol\u00f3k vil\u00e1g\u00e1ban. <\/p>\n<p>\ud83d\udccd Sevilla, Spanyolorsz\u00e1g<\/p>\n<p>\u270d\ufe0f <b>C\u00e9sar Pelli<\/b><\/p>\n<p>\ud83d\udcf8 Tripadvisor<\/p>\n<p>\u2705 DIADEM-350, k\u00f6zkert<\/p>\n<\/div>\n<\/div>\n<\/div>\n<\/div>\n\t\t\t\t\t\t\t\t<\/div>\n\t\t\t\t<\/div>\n\t\t\t\t<div class=\"elementor-element elementor-element-18813cc5 elementor-widget elementor-widget-spacer\" data-id=\"18813cc5\" data-element_type=\"widget\" data-e-type=\"widget\" data-widget_type=\"spacer.default\">\n\t\t\t\t<div class=\"elementor-widget-container\">\n\t\t\t\t\t\t\t<div class=\"elementor-spacer\">\n\t\t\t<div class=\"elementor-spacer-inner\"><\/div>\n\t\t<\/div>\n\t\t\t\t\t\t<\/div>\n\t\t\t\t<\/div>\n\t\t\t\t\t<\/div>\n\t\t<\/div>\n\t\t\t\t<div class=\"elementor-column elementor-col-50 elementor-top-column elementor-element elementor-element-724abfd3\" data-id=\"724abfd3\" data-element_type=\"column\" data-e-type=\"column\" data-settings=\"{&quot;background_background&quot;:&quot;classic&quot;,&quot;background_motion_fx_motion_fx_scrolling&quot;:&quot;yes&quot;,&quot;background_motion_fx_translateY_effect&quot;:&quot;yes&quot;,&quot;background_motion_fx_translateY_direction&quot;:&quot;negative&quot;,&quot;background_motion_fx_translateY_speed&quot;:{&quot;unit&quot;:&quot;px&quot;,&quot;size&quot;:4,&quot;sizes&quot;:[]},&quot;background_motion_fx_translateY_affectedRange&quot;:{&quot;unit&quot;:&quot;%&quot;,&quot;size&quot;:&quot;&quot;,&quot;sizes&quot;:{&quot;start&quot;:0,&quot;end&quot;:100}},&quot;background_motion_fx_devices&quot;:[&quot;desktop&quot;,&quot;tablet&quot;,&quot;mobile&quot;]}\">\n\t\t\t<div class=\"elementor-widget-wrap elementor-element-populated\">\n\t\t\t\t\t<div class=\"elementor-background-overlay\"><\/div>\n\t\t\t\t\t\t<div class=\"elementor-element elementor-element-beaa553 elementor-widget elementor-widget-spacer\" data-id=\"beaa553\" data-element_type=\"widget\" data-e-type=\"widget\" data-widget_type=\"spacer.default\">\n\t\t\t\t<div class=\"elementor-widget-container\">\n\t\t\t\t\t\t\t<div class=\"elementor-spacer\">\n\t\t\t<div class=\"elementor-spacer-inner\"><\/div>\n\t\t<\/div>\n\t\t\t\t\t\t<\/div>\n\t\t\t\t<\/div>\n\t\t\t\t<div class=\"elementor-element elementor-element-34d6761a elementor-widget elementor-widget-image\" data-id=\"34d6761a\" data-element_type=\"widget\" data-e-type=\"widget\" data-widget_type=\"image.default\">\n\t\t\t\t<div class=\"elementor-widget-container\">\n\t\t\t\t\t\t\t\t\t\t\t\t\t\t\t<img fetchpriority=\"high\" decoding=\"async\" width=\"1024\" height=\"683\" src=\"https:\/\/diadem.com\/wp-content\/uploads\/2024\/04\/mg-5124-2--1024x683.jpg\" class=\"attachment-large size-large wp-image-101000\" alt=\"\" srcset=\"https:\/\/diadem.com\/wp-content\/uploads\/2024\/04\/mg-5124-2--1024x683.jpg 1024w, https:\/\/diadem.com\/wp-content\/uploads\/2024\/04\/mg-5124-2--300x200.jpg 300w, https:\/\/diadem.com\/wp-content\/uploads\/2024\/04\/mg-5124-2--768x512.jpg 768w, https:\/\/diadem.com\/wp-content\/uploads\/2024\/04\/mg-5124-2-.jpg 1095w\" sizes=\"(max-width: 1024px) 100vw, 1024px\" \/>\t\t\t\t\t\t\t\t\t\t\t\t\t\t\t<\/div>\n\t\t\t\t<\/div>\n\t\t\t\t\t<\/div>\n\t\t<\/div>\n\t\t\t\t\t<\/div>\n\t\t<\/section>\n\t\t\t\t<\/div>\n\t\t","protected":false},"excerpt":{"rendered":"<p>Torre Pelli Azt mondj\u00e1k, a felh\u0151karcol\u00f3k nem fenntarthat\u00f3k. Nos, ennek t\u00f6bb mint 14.000 m2 gy\u00f6ny\u00f6r\u0171 z\u00f6ldtet\u0151je van. A Torre Pelli, m\u00e1s n\u00e9ven Iberdrola-torony, egy \u00fatt\u00f6r\u0151 felh\u0151karcol\u00f3, amely a spanyolorsz\u00e1gi Sevilla l\u00e1tk\u00e9p\u00e9t d\u00edsz\u00edti. 165 m\u00e9terrel a v\u00e1ros f\u00f6l\u00e9 emelkedve az \u00e9p\u00edt\u00e9szeti kiv\u00e1l\u00f3s\u00e1g \u00e9s a k\u00f6rnyezeti felel\u0151ss\u00e9g szimb\u00f3lumak\u00e9nt \u00e1ll. Az \u00e9p\u00fclet az Egyes\u00fclt \u00c1llamok Green Building Council&hellip;<\/p>\n","protected":false},"featured_media":101000,"template":"","meta":{"_acf_changed":false},"the7_project_category":[395],"class_list":["post-102182","the7_project","type-the7_project","status-publish","has-post-thumbnail","hentry","the7_project_category-diadem-projects-hu"],"acf":[],"yoast_head":"<!-- This site is optimized with the Yoast SEO Premium plugin v27.3 (Yoast SEO v27.3) - https:\/\/yoast.com\/product\/yoast-seo-premium-wordpress\/ -->\n<title>Torre Pelli \/ Seville, Spain - Diadem<\/title>\n<meta name=\"robots\" content=\"index, follow, max-snippet:-1, max-image-preview:large, max-video-preview:-1\" \/>\n<link rel=\"canonical\" href=\"https:\/\/diadem.com\/hu\/the7_project\/torre-pelli-seville-spain\/\" \/>\n<meta property=\"og:locale\" content=\"hu_HU\" \/>\n<meta property=\"og:type\" content=\"article\" \/>\n<meta property=\"og:title\" content=\"Torre Pelli \/ Seville, Spain\" \/>\n<meta property=\"og:description\" content=\"Torre Pelli Azt mondj\u00e1k, a felh\u0151karcol\u00f3k nem fenntarthat\u00f3k. Nos, ennek t\u00f6bb mint 14.000 m2 gy\u00f6ny\u00f6r\u0171 z\u00f6ldtet\u0151je van. A Torre Pelli, m\u00e1s n\u00e9ven Iberdrola-torony, egy \u00fatt\u00f6r\u0151 felh\u0151karcol\u00f3, amely a spanyolorsz\u00e1gi Sevilla l\u00e1tk\u00e9p\u00e9t d\u00edsz\u00edti. 165 m\u00e9terrel a v\u00e1ros f\u00f6l\u00e9 emelkedve az \u00e9p\u00edt\u00e9szeti kiv\u00e1l\u00f3s\u00e1g \u00e9s a k\u00f6rnyezeti felel\u0151ss\u00e9g szimb\u00f3lumak\u00e9nt \u00e1ll. Az \u00e9p\u00fclet az Egyes\u00fclt \u00c1llamok Green Building Council&hellip;\" \/>\n<meta property=\"og:url\" content=\"https:\/\/diadem.com\/hu\/the7_project\/torre-pelli-seville-spain\/\" \/>\n<meta property=\"og:site_name\" content=\"Diadem\" \/>\n<meta property=\"article:publisher\" content=\"https:\/\/www.facebook.com\/diadem.greenroof\" \/>\n<meta property=\"article:modified_time\" content=\"2024-06-25T13:32:59+00:00\" \/>\n<meta property=\"og:image\" content=\"https:\/\/diadem.com\/wp-content\/uploads\/2024\/04\/mg-5124-2-.jpg\" \/>\n\t<meta property=\"og:image:width\" content=\"1095\" \/>\n\t<meta property=\"og:image:height\" content=\"730\" \/>\n\t<meta property=\"og:image:type\" content=\"image\/jpeg\" \/>\n<meta name=\"twitter:card\" content=\"summary_large_image\" \/>\n<meta name=\"twitter:label1\" content=\"Becs\u00fclt olvas\u00e1si id\u0151\" \/>\n\t<meta name=\"twitter:data1\" content=\"2 perc\" \/>\n<script type=\"application\/ld+json\" class=\"yoast-schema-graph\">{\"@context\":\"https:\\\/\\\/schema.org\",\"@graph\":[{\"@type\":\"WebPage\",\"@id\":\"https:\\\/\\\/diadem.com\\\/hu\\\/the7_project\\\/torre-pelli-seville-spain\\\/\",\"url\":\"https:\\\/\\\/diadem.com\\\/hu\\\/the7_project\\\/torre-pelli-seville-spain\\\/\",\"name\":\"Torre Pelli \\\/ Seville, Spain - Diadem\",\"isPartOf\":{\"@id\":\"https:\\\/\\\/diadem.com\\\/hu\\\/#website\"},\"primaryImageOfPage\":{\"@id\":\"https:\\\/\\\/diadem.com\\\/hu\\\/the7_project\\\/torre-pelli-seville-spain\\\/#primaryimage\"},\"image\":{\"@id\":\"https:\\\/\\\/diadem.com\\\/hu\\\/the7_project\\\/torre-pelli-seville-spain\\\/#primaryimage\"},\"thumbnailUrl\":\"https:\\\/\\\/diadem.com\\\/wp-content\\\/uploads\\\/2024\\\/04\\\/mg-5124-2-.jpg\",\"datePublished\":\"2024-04-21T20:40:07+00:00\",\"dateModified\":\"2024-06-25T13:32:59+00:00\",\"breadcrumb\":{\"@id\":\"https:\\\/\\\/diadem.com\\\/hu\\\/the7_project\\\/torre-pelli-seville-spain\\\/#breadcrumb\"},\"inLanguage\":\"hu\",\"potentialAction\":[{\"@type\":\"ReadAction\",\"target\":[\"https:\\\/\\\/diadem.com\\\/hu\\\/the7_project\\\/torre-pelli-seville-spain\\\/\"]}]},{\"@type\":\"ImageObject\",\"inLanguage\":\"hu\",\"@id\":\"https:\\\/\\\/diadem.com\\\/hu\\\/the7_project\\\/torre-pelli-seville-spain\\\/#primaryimage\",\"url\":\"https:\\\/\\\/diadem.com\\\/wp-content\\\/uploads\\\/2024\\\/04\\\/mg-5124-2-.jpg\",\"contentUrl\":\"https:\\\/\\\/diadem.com\\\/wp-content\\\/uploads\\\/2024\\\/04\\\/mg-5124-2-.jpg\",\"width\":1095,\"height\":730},{\"@type\":\"BreadcrumbList\",\"@id\":\"https:\\\/\\\/diadem.com\\\/hu\\\/the7_project\\\/torre-pelli-seville-spain\\\/#breadcrumb\",\"itemListElement\":[{\"@type\":\"ListItem\",\"position\":1,\"name\":\"Home\",\"item\":\"https:\\\/\\\/diadem.com\\\/hu\\\/\"},{\"@type\":\"ListItem\",\"position\":2,\"name\":\"Torre Pelli \\\/ Seville, Spain\"}]},{\"@type\":\"WebSite\",\"@id\":\"https:\\\/\\\/diadem.com\\\/hu\\\/#website\",\"url\":\"https:\\\/\\\/diadem.com\\\/hu\\\/\",\"name\":\"Diadem\",\"description\":\"Green Up The Roof!\",\"publisher\":{\"@id\":\"https:\\\/\\\/diadem.com\\\/hu\\\/#organization\"},\"potentialAction\":[{\"@type\":\"SearchAction\",\"target\":{\"@type\":\"EntryPoint\",\"urlTemplate\":\"https:\\\/\\\/diadem.com\\\/hu\\\/?s={search_term_string}\"},\"query-input\":{\"@type\":\"PropertyValueSpecification\",\"valueRequired\":true,\"valueName\":\"search_term_string\"}}],\"inLanguage\":\"hu\"},{\"@type\":\"Organization\",\"@id\":\"https:\\\/\\\/diadem.com\\\/hu\\\/#organization\",\"name\":\"Diadem\",\"url\":\"https:\\\/\\\/diadem.com\\\/hu\\\/\",\"logo\":{\"@type\":\"ImageObject\",\"inLanguage\":\"hu\",\"@id\":\"https:\\\/\\\/diadem.com\\\/hu\\\/#\\\/schema\\\/logo\\\/image\\\/\",\"url\":\"https:\\\/\\\/diadem.com\\\/wp-content\\\/uploads\\\/2020\\\/11\\\/2.png\",\"contentUrl\":\"https:\\\/\\\/diadem.com\\\/wp-content\\\/uploads\\\/2020\\\/11\\\/2.png\",\"width\":1920,\"height\":1080,\"caption\":\"Diadem\"},\"image\":{\"@id\":\"https:\\\/\\\/diadem.com\\\/hu\\\/#\\\/schema\\\/logo\\\/image\\\/\"},\"sameAs\":[\"https:\\\/\\\/www.facebook.com\\\/diadem.greenroof\"]}]}<\/script>\n<!-- \/ Yoast SEO Premium plugin. -->","yoast_head_json":{"title":"Torre Pelli \/ Seville, Spain - Diadem","robots":{"index":"index","follow":"follow","max-snippet":"max-snippet:-1","max-image-preview":"max-image-preview:large","max-video-preview":"max-video-preview:-1"},"canonical":"https:\/\/diadem.com\/hu\/the7_project\/torre-pelli-seville-spain\/","og_locale":"hu_HU","og_type":"article","og_title":"Torre Pelli \/ Seville, Spain","og_description":"Torre Pelli Azt mondj\u00e1k, a felh\u0151karcol\u00f3k nem fenntarthat\u00f3k. Nos, ennek t\u00f6bb mint 14.000 m2 gy\u00f6ny\u00f6r\u0171 z\u00f6ldtet\u0151je van. A Torre Pelli, m\u00e1s n\u00e9ven Iberdrola-torony, egy \u00fatt\u00f6r\u0151 felh\u0151karcol\u00f3, amely a spanyolorsz\u00e1gi Sevilla l\u00e1tk\u00e9p\u00e9t d\u00edsz\u00edti. 165 m\u00e9terrel a v\u00e1ros f\u00f6l\u00e9 emelkedve az \u00e9p\u00edt\u00e9szeti kiv\u00e1l\u00f3s\u00e1g \u00e9s a k\u00f6rnyezeti felel\u0151ss\u00e9g szimb\u00f3lumak\u00e9nt \u00e1ll. Az \u00e9p\u00fclet az Egyes\u00fclt \u00c1llamok Green Building Council&hellip;","og_url":"https:\/\/diadem.com\/hu\/the7_project\/torre-pelli-seville-spain\/","og_site_name":"Diadem","article_publisher":"https:\/\/www.facebook.com\/diadem.greenroof","article_modified_time":"2024-06-25T13:32:59+00:00","og_image":[{"width":1095,"height":730,"url":"https:\/\/diadem.com\/wp-content\/uploads\/2024\/04\/mg-5124-2-.jpg","type":"image\/jpeg"}],"twitter_card":"summary_large_image","twitter_misc":{"Becs\u00fclt olvas\u00e1si id\u0151":"2 perc"},"schema":{"@context":"https:\/\/schema.org","@graph":[{"@type":"WebPage","@id":"https:\/\/diadem.com\/hu\/the7_project\/torre-pelli-seville-spain\/","url":"https:\/\/diadem.com\/hu\/the7_project\/torre-pelli-seville-spain\/","name":"Torre Pelli \/ Seville, Spain - Diadem","isPartOf":{"@id":"https:\/\/diadem.com\/hu\/#website"},"primaryImageOfPage":{"@id":"https:\/\/diadem.com\/hu\/the7_project\/torre-pelli-seville-spain\/#primaryimage"},"image":{"@id":"https:\/\/diadem.com\/hu\/the7_project\/torre-pelli-seville-spain\/#primaryimage"},"thumbnailUrl":"https:\/\/diadem.com\/wp-content\/uploads\/2024\/04\/mg-5124-2-.jpg","datePublished":"2024-04-21T20:40:07+00:00","dateModified":"2024-06-25T13:32:59+00:00","breadcrumb":{"@id":"https:\/\/diadem.com\/hu\/the7_project\/torre-pelli-seville-spain\/#breadcrumb"},"inLanguage":"hu","potentialAction":[{"@type":"ReadAction","target":["https:\/\/diadem.com\/hu\/the7_project\/torre-pelli-seville-spain\/"]}]},{"@type":"ImageObject","inLanguage":"hu","@id":"https:\/\/diadem.com\/hu\/the7_project\/torre-pelli-seville-spain\/#primaryimage","url":"https:\/\/diadem.com\/wp-content\/uploads\/2024\/04\/mg-5124-2-.jpg","contentUrl":"https:\/\/diadem.com\/wp-content\/uploads\/2024\/04\/mg-5124-2-.jpg","width":1095,"height":730},{"@type":"BreadcrumbList","@id":"https:\/\/diadem.com\/hu\/the7_project\/torre-pelli-seville-spain\/#breadcrumb","itemListElement":[{"@type":"ListItem","position":1,"name":"Home","item":"https:\/\/diadem.com\/hu\/"},{"@type":"ListItem","position":2,"name":"Torre Pelli \/ Seville, Spain"}]},{"@type":"WebSite","@id":"https:\/\/diadem.com\/hu\/#website","url":"https:\/\/diadem.com\/hu\/","name":"Diadem","description":"Green Up The Roof!","publisher":{"@id":"https:\/\/diadem.com\/hu\/#organization"},"potentialAction":[{"@type":"SearchAction","target":{"@type":"EntryPoint","urlTemplate":"https:\/\/diadem.com\/hu\/?s={search_term_string}"},"query-input":{"@type":"PropertyValueSpecification","valueRequired":true,"valueName":"search_term_string"}}],"inLanguage":"hu"},{"@type":"Organization","@id":"https:\/\/diadem.com\/hu\/#organization","name":"Diadem","url":"https:\/\/diadem.com\/hu\/","logo":{"@type":"ImageObject","inLanguage":"hu","@id":"https:\/\/diadem.com\/hu\/#\/schema\/logo\/image\/","url":"https:\/\/diadem.com\/wp-content\/uploads\/2020\/11\/2.png","contentUrl":"https:\/\/diadem.com\/wp-content\/uploads\/2020\/11\/2.png","width":1920,"height":1080,"caption":"Diadem"},"image":{"@id":"https:\/\/diadem.com\/hu\/#\/schema\/logo\/image\/"},"sameAs":["https:\/\/www.facebook.com\/diadem.greenroof"]}]}},"_links":{"self":[{"href":"https:\/\/diadem.com\/hu\/wp-json\/wp\/v2\/the7_project\/102182","targetHints":{"allow":["GET"]}}],"collection":[{"href":"https:\/\/diadem.com\/hu\/wp-json\/wp\/v2\/the7_project"}],"about":[{"href":"https:\/\/diadem.com\/hu\/wp-json\/wp\/v2\/types\/the7_project"}],"version-history":[{"count":3,"href":"https:\/\/diadem.com\/hu\/wp-json\/wp\/v2\/the7_project\/102182\/revisions"}],"predecessor-version":[{"id":102698,"href":"https:\/\/diadem.com\/hu\/wp-json\/wp\/v2\/the7_project\/102182\/revisions\/102698"}],"wp:featuredmedia":[{"embeddable":true,"href":"https:\/\/diadem.com\/hu\/wp-json\/wp\/v2\/media\/101000"}],"wp:attachment":[{"href":"https:\/\/diadem.com\/hu\/wp-json\/wp\/v2\/media?parent=102182"}],"wp:term":[{"taxonomy":"the7_project_category","embeddable":true,"href":"https:\/\/diadem.com\/hu\/wp-json\/wp\/v2\/the7_project_category?post=102182"}],"curies":[{"name":"wp","href":"https:\/\/api.w.org\/{rel}","templated":true}]}}