{"id":117400,"date":"2025-11-10T11:19:01","date_gmt":"2025-11-10T10:19:01","guid":{"rendered":"https:\/\/diadem.com\/the7_project\/duo-oktatasi-kozpont-kert-a-varos-felett\/"},"modified":"2025-12-04T15:56:00","modified_gmt":"2025-12-04T14:56:00","slug":"duo-oktatasi-kozpont-kert-a-varos-felett","status":"publish","type":"the7_project","link":"https:\/\/diadem.com\/hu\/the7_project\/duo-oktatasi-kozpont-kert-a-varos-felett\/","title":{"rendered":"DUO Oktat\u00e1si K\u00f6zpont \u2013 Kert a v\u00e1ros felett"},"content":{"rendered":"\t\t<div data-elementor-type=\"wp-post\" data-elementor-id=\"117400\" class=\"elementor elementor-117400 elementor-117283\" data-elementor-post-type=\"the7_project\">\n\t\t\t\t<div class=\"elementor-element elementor-element-c1dd3c3 e-flex e-con-boxed e-con e-parent\" data-id=\"c1dd3c3\" data-element_type=\"container\" data-e-type=\"container\">\n\t\t\t\t\t<div class=\"e-con-inner\">\n\t\t\t\t<div class=\"elementor-element elementor-element-6cf6b64 elementor-widget elementor-widget-heading\" data-id=\"6cf6b64\" data-element_type=\"widget\" data-e-type=\"widget\" data-widget_type=\"heading.default\">\n\t\t\t\t<div class=\"elementor-widget-container\">\n\t\t\t\t\t<h2 class=\"elementor-heading-title elementor-size-default\">11 000 m\u00b2 intenz\u00edv z\u00f6ldtet\u0151<\/h2>\t\t\t\t<\/div>\n\t\t\t\t<\/div>\n\t\t\t\t<div class=\"elementor-element elementor-element-73112b4 elementor-widget elementor-widget-text-editor\" data-id=\"73112b4\" data-element_type=\"widget\" data-e-type=\"widget\" data-widget_type=\"text-editor.default\">\n\t\t\t\t<div class=\"elementor-widget-container\">\n\t\t\t\t\t\t\t\t\t<p>A fenntarthat\u00f3 v\u00e1rosfejleszt\u00e9s egyik kiemelked\u0151 eur\u00f3pai p\u00e9ld\u00e1ja a 2013-ban \u00e1tadott DUO Oktat\u00e1si K\u00f6zpont projektje, ahol a term\u00e9szet \u00e9s az \u00e9p\u00edt\u00e9szet l\u00e1tv\u00e1nyos harm\u00f3ni\u00e1ban tal\u00e1lkozik. A DIADEM-750 t\u00f6bbr\u00e9teg\u0171 intenz\u00edv z\u00f6ldtet\u0151-rendszer egy, a teljes ter\u00fcletet lefed\u0151 m\u00e9lygar\u00e1zs f\u00f6l\u00e9 \u00e9p\u00fclt, \u00e9s egyed\u00fcl\u00e1ll\u00f3 m\u00f3don alak\u00edt \u00e1t 11 000 m\u00b2-nyi tet\u0151fel\u00fcletet ny\u00fczsg\u0151, \u00e9l\u0151 v\u00e1rosi kertt\u00e9.<\/p>\t\t\t\t\t\t\t\t<\/div>\n\t\t\t\t<\/div>\n\t\t\t\t\t<\/div>\n\t\t\t\t<\/div>\n\t\t<div class=\"elementor-element elementor-element-ee0ae1a e-flex e-con-boxed e-con e-parent\" data-id=\"ee0ae1a\" data-element_type=\"container\" data-e-type=\"container\">\n\t\t\t\t\t<div class=\"e-con-inner\">\n\t\t<div class=\"elementor-element elementor-element-b720848 e-con-full e-flex e-con e-child\" data-id=\"b720848\" data-element_type=\"container\" data-e-type=\"container\">\n\t\t\t\t<div class=\"elementor-element elementor-element-222c093 elementor-widget elementor-widget-text-editor\" data-id=\"222c093\" data-element_type=\"widget\" data-e-type=\"widget\" data-widget_type=\"text-editor.default\">\n\t\t\t\t<div class=\"elementor-widget-container\">\n\t\t\t\t\t\t\t\t\t<p>A projektet az Arup tapasztalt szakembere, Jaap Wiedenhoff projektigazgat\u00f3, valamint az UNStudio ikonikus \u00e9p\u00edt\u00e9szeti megold\u00e1sair\u00f3l ismert szak\u00e9rt\u0151je, Gerard Loozekoot projekt\u00e9p\u00edt\u00e9sz ir\u00e1ny\u00edtotta.<\/p><p>A kivitelez\u00e9s \u00e9s a rendszerintegr\u00e1ci\u00f3 kulcsfontoss\u00e1g\u00fa partnere a Joosten Kunststoffen BV, \u00e9l\u00e9n Geert-Jan Derksen \u00e9rt\u00e9kes\u00edt\u00e9si vezet\u0151vel, aki a projekt sikeres megval\u00f3s\u00edt\u00e1s\u00e1t t\u00e1mogatva biztos\u00edtotta a sz\u00fcks\u00e9ges anyagokat \u00e9s technol\u00f3giai h\u00e1tteret.<\/p><p>Mi teszi k\u00fcl\u00f6nlegess\u00e9 a DUO projektet?<br \/>A 46 000 m\u00b2 irodat\u00e9rrel \u00e9s egy 675 f\u00e9r\u0151helyes, egyszintes m\u00e9lygar\u00e1zzsal rendelkez\u0151 \u00e9p\u00fcletegy\u00fcttes nem csup\u00e1n funkcion\u00e1lis, hanem inspir\u00e1l\u00f3 is. A tet\u0151 felett elhelyezked\u0151, gondosan megtervezett nyilv\u00e1nos v\u00e1rosi kert:<\/p><ul><li>val\u00f3di z\u00f6ld o\u00e1zist ny\u00fajt a v\u00e1roslak\u00f3k sz\u00e1m\u00e1ra,<\/li><li>jav\u00edtja a mikrokl\u00edm\u00e1t,<\/li><li>hozz\u00e1j\u00e1rul a biodiverzit\u00e1s n\u00f6vel\u00e9s\u00e9hez,<\/li><li>\u00e9s kiv\u00e1l\u00f3 p\u00e9ld\u00e1ja annak, hogyan lehet a v\u00e1rosi tereket fenntarthat\u00f3 m\u00f3don \u00fajragondolni.<\/li><\/ul><p>A DUO intenz\u00edv z\u00f6ldtet\u0151je nem csup\u00e1n \u00e9p\u00edt\u00e9szeti attrakci\u00f3, hanem modern, el\u0151remutat\u00f3 szeml\u00e9letform\u00e1l\u00f3 projekt, amely megmutatja, hogy a z\u00f6ld infrastrukt\u00fara hogyan k\u00e9pes \u00e9lettel megt\u00f6lteni a v\u00e1ros betondzsungel\u00e9t.<\/p>\t\t\t\t\t\t\t\t<\/div>\n\t\t\t\t<\/div>\n\t\t\t\t<\/div>\n\t\t<div class=\"elementor-element elementor-element-6151e87 e-con-full e-flex e-con e-child\" data-id=\"6151e87\" data-element_type=\"container\" data-e-type=\"container\">\n\t\t\t\t<div class=\"elementor-element elementor-element-c9d774c elementor-widget elementor-widget-image\" data-id=\"c9d774c\" data-element_type=\"widget\" data-e-type=\"widget\" data-widget_type=\"image.default\">\n\t\t\t\t<div class=\"elementor-widget-container\">\n\t\t\t\t\t\t\t\t\t\t\t\t\t\t\t<img fetchpriority=\"high\" decoding=\"async\" width=\"1024\" height=\"519\" src=\"https:\/\/diadem.com\/wp-content\/uploads\/2025\/11\/02_Groningen-Belastingdienst-20160831-55_konturokat_javitani-1024x519.jpg\" class=\"attachment-large size-large wp-image-117307\" alt=\"\" srcset=\"https:\/\/diadem.com\/wp-content\/uploads\/2025\/11\/02_Groningen-Belastingdienst-20160831-55_konturokat_javitani-1024x519.jpg 1024w, https:\/\/diadem.com\/wp-content\/uploads\/2025\/11\/02_Groningen-Belastingdienst-20160831-55_konturokat_javitani-300x152.jpg 300w, https:\/\/diadem.com\/wp-content\/uploads\/2025\/11\/02_Groningen-Belastingdienst-20160831-55_konturokat_javitani-768x389.jpg 768w, https:\/\/diadem.com\/wp-content\/uploads\/2025\/11\/02_Groningen-Belastingdienst-20160831-55_konturokat_javitani-1536x779.jpg 1536w, https:\/\/diadem.com\/wp-content\/uploads\/2025\/11\/02_Groningen-Belastingdienst-20160831-55_konturokat_javitani-2048x1038.jpg 2048w\" sizes=\"(max-width: 1024px) 100vw, 1024px\" \/>\t\t\t\t\t\t\t\t\t\t\t\t\t\t\t<\/div>\n\t\t\t\t<\/div>\n\t\t\t\t<\/div>\n\t\t\t\t\t<\/div>\n\t\t\t\t<\/div>\n\t\t<div class=\"elementor-element elementor-element-fe0685f e-flex e-con-boxed e-con e-parent\" data-id=\"fe0685f\" data-element_type=\"container\" data-e-type=\"container\">\n\t\t\t\t\t<div class=\"e-con-inner\">\n\t\t<div class=\"elementor-element elementor-element-836416f e-con-full e-flex e-con e-child\" data-id=\"836416f\" data-element_type=\"container\" data-e-type=\"container\">\n\t\t\t\t<div class=\"elementor-element elementor-element-65cdcff elementor-widget elementor-widget-image\" data-id=\"65cdcff\" data-element_type=\"widget\" data-e-type=\"widget\" data-widget_type=\"image.default\">\n\t\t\t\t<div class=\"elementor-widget-container\">\n\t\t\t\t\t\t\t\t\t\t\t\t\t\t\t<img decoding=\"async\" width=\"1024\" height=\"519\" src=\"https:\/\/diadem.com\/wp-content\/uploads\/2025\/11\/06_Novo-Nordisk_fyrtarn_ByggrosDK-1024x519.jpg\" class=\"attachment-large size-large wp-image-117312\" alt=\"\" srcset=\"https:\/\/diadem.com\/wp-content\/uploads\/2025\/11\/06_Novo-Nordisk_fyrtarn_ByggrosDK-1024x519.jpg 1024w, https:\/\/diadem.com\/wp-content\/uploads\/2025\/11\/06_Novo-Nordisk_fyrtarn_ByggrosDK-300x152.jpg 300w, https:\/\/diadem.com\/wp-content\/uploads\/2025\/11\/06_Novo-Nordisk_fyrtarn_ByggrosDK-768x389.jpg 768w, https:\/\/diadem.com\/wp-content\/uploads\/2025\/11\/06_Novo-Nordisk_fyrtarn_ByggrosDK-1536x779.jpg 1536w, https:\/\/diadem.com\/wp-content\/uploads\/2025\/11\/06_Novo-Nordisk_fyrtarn_ByggrosDK-2048x1038.jpg 2048w\" sizes=\"(max-width: 1024px) 100vw, 1024px\" \/>\t\t\t\t\t\t\t\t\t\t\t\t\t\t\t<\/div>\n\t\t\t\t<\/div>\n\t\t\t\t<\/div>\n\t\t<div class=\"elementor-element elementor-element-b2713f9 e-con-full e-flex e-con e-child\" data-id=\"b2713f9\" data-element_type=\"container\" data-e-type=\"container\">\n\t\t\t\t<div class=\"elementor-element elementor-element-8b66211 elementor-widget elementor-widget-image\" data-id=\"8b66211\" data-element_type=\"widget\" data-e-type=\"widget\" data-widget_type=\"image.default\">\n\t\t\t\t<div class=\"elementor-widget-container\">\n\t\t\t\t\t\t\t\t\t\t\t\t\t\t\t<img decoding=\"async\" width=\"1024\" height=\"682\" src=\"https:\/\/diadem.com\/wp-content\/uploads\/2025\/11\/03b_Groningen-Belastingdienst-20160831-112-1024x682.jpg\" class=\"attachment-large size-large wp-image-117317\" alt=\"\" srcset=\"https:\/\/diadem.com\/wp-content\/uploads\/2025\/11\/03b_Groningen-Belastingdienst-20160831-112-1024x682.jpg 1024w, https:\/\/diadem.com\/wp-content\/uploads\/2025\/11\/03b_Groningen-Belastingdienst-20160831-112-300x200.jpg 300w, https:\/\/diadem.com\/wp-content\/uploads\/2025\/11\/03b_Groningen-Belastingdienst-20160831-112-768x512.jpg 768w, https:\/\/diadem.com\/wp-content\/uploads\/2025\/11\/03b_Groningen-Belastingdienst-20160831-112-1536x1024.jpg 1536w, https:\/\/diadem.com\/wp-content\/uploads\/2025\/11\/03b_Groningen-Belastingdienst-20160831-112.jpg 2000w\" sizes=\"(max-width: 1024px) 100vw, 1024px\" \/>\t\t\t\t\t\t\t\t\t\t\t\t\t\t\t<\/div>\n\t\t\t\t<\/div>\n\t\t\t\t<\/div>\n\t\t<div class=\"elementor-element elementor-element-36c1de0 e-con-full e-flex e-con e-child\" data-id=\"36c1de0\" data-element_type=\"container\" data-e-type=\"container\">\n\t\t\t\t<div class=\"elementor-element elementor-element-60b64cf elementor-widget elementor-widget-image\" data-id=\"60b64cf\" data-element_type=\"widget\" data-e-type=\"widget\" data-widget_type=\"image.default\">\n\t\t\t\t<div class=\"elementor-widget-container\">\n\t\t\t\t\t\t\t\t\t\t\t\t\t\t\t<img loading=\"lazy\" decoding=\"async\" width=\"1024\" height=\"519\" src=\"https:\/\/diadem.com\/wp-content\/uploads\/2025\/11\/DUO_Groningen-1024x519.jpg\" class=\"attachment-large size-large wp-image-117292\" alt=\"\" srcset=\"https:\/\/diadem.com\/wp-content\/uploads\/2025\/11\/DUO_Groningen-1024x519.jpg 1024w, https:\/\/diadem.com\/wp-content\/uploads\/2025\/11\/DUO_Groningen-300x152.jpg 300w, https:\/\/diadem.com\/wp-content\/uploads\/2025\/11\/DUO_Groningen-768x389.jpg 768w, https:\/\/diadem.com\/wp-content\/uploads\/2025\/11\/DUO_Groningen-1536x779.jpg 1536w, https:\/\/diadem.com\/wp-content\/uploads\/2025\/11\/DUO_Groningen-2048x1038.jpg 2048w\" sizes=\"(max-width: 1024px) 100vw, 1024px\" \/>\t\t\t\t\t\t\t\t\t\t\t\t\t\t\t<\/div>\n\t\t\t\t<\/div>\n\t\t\t\t<\/div>\n\t\t\t\t\t<\/div>\n\t\t\t\t<\/div>\n\t\t\t\t<\/div>\n\t\t","protected":false},"excerpt":{"rendered":"<p>11 000 m\u00b2 intenz\u00edv z\u00f6ldtet\u0151 A fenntarthat\u00f3 v\u00e1rosfejleszt\u00e9s egyik kiemelked\u0151 eur\u00f3pai p\u00e9ld\u00e1ja a 2013-ban \u00e1tadott DUO Oktat\u00e1si K\u00f6zpont projektje, ahol a term\u00e9szet \u00e9s az \u00e9p\u00edt\u00e9szet l\u00e1tv\u00e1nyos harm\u00f3ni\u00e1ban tal\u00e1lkozik. A DIADEM-750 t\u00f6bbr\u00e9teg\u0171 intenz\u00edv z\u00f6ldtet\u0151-rendszer egy, a teljes ter\u00fcletet lefed\u0151 m\u00e9lygar\u00e1zs f\u00f6l\u00e9 \u00e9p\u00fclt, \u00e9s egyed\u00fcl\u00e1ll\u00f3 m\u00f3don alak\u00edt \u00e1t 11 000 m\u00b2-nyi tet\u0151fel\u00fcletet ny\u00fczsg\u0151, \u00e9l\u0151 v\u00e1rosi kertt\u00e9. A&hellip;<\/p>\n","protected":false},"featured_media":117312,"template":"","meta":{"_acf_changed":false},"the7_project_category":[395],"class_list":["post-117400","the7_project","type-the7_project","status-publish","has-post-thumbnail","hentry","the7_project_category-diadem-projects-hu"],"acf":[],"yoast_head":"<!-- This site is optimized with the Yoast SEO Premium plugin v27.3 (Yoast SEO v27.3) - https:\/\/yoast.com\/product\/yoast-seo-premium-wordpress\/ -->\n<title>DUO Oktat\u00e1si K\u00f6zpont \u2013 Kert a v\u00e1ros felett - Diadem<\/title>\n<meta name=\"robots\" content=\"index, follow, max-snippet:-1, max-image-preview:large, max-video-preview:-1\" \/>\n<link rel=\"canonical\" href=\"https:\/\/diadem.com\/hu\/the7_project\/duo-oktatasi-kozpont-kert-a-varos-felett\/\" \/>\n<meta property=\"og:locale\" content=\"hu_HU\" \/>\n<meta property=\"og:type\" content=\"article\" \/>\n<meta property=\"og:title\" content=\"DUO Oktat\u00e1si K\u00f6zpont \u2013 Kert a v\u00e1ros felett\" \/>\n<meta property=\"og:description\" content=\"11 000 m\u00b2 intenz\u00edv z\u00f6ldtet\u0151 A fenntarthat\u00f3 v\u00e1rosfejleszt\u00e9s egyik kiemelked\u0151 eur\u00f3pai p\u00e9ld\u00e1ja a 2013-ban \u00e1tadott DUO Oktat\u00e1si K\u00f6zpont projektje, ahol a term\u00e9szet \u00e9s az \u00e9p\u00edt\u00e9szet l\u00e1tv\u00e1nyos harm\u00f3ni\u00e1ban tal\u00e1lkozik. A DIADEM-750 t\u00f6bbr\u00e9teg\u0171 intenz\u00edv z\u00f6ldtet\u0151-rendszer egy, a teljes ter\u00fcletet lefed\u0151 m\u00e9lygar\u00e1zs f\u00f6l\u00e9 \u00e9p\u00fclt, \u00e9s egyed\u00fcl\u00e1ll\u00f3 m\u00f3don alak\u00edt \u00e1t 11 000 m\u00b2-nyi tet\u0151fel\u00fcletet ny\u00fczsg\u0151, \u00e9l\u0151 v\u00e1rosi kertt\u00e9. A&hellip;\" \/>\n<meta property=\"og:url\" content=\"https:\/\/diadem.com\/hu\/the7_project\/duo-oktatasi-kozpont-kert-a-varos-felett\/\" \/>\n<meta property=\"og:site_name\" content=\"Diadem\" \/>\n<meta property=\"article:publisher\" content=\"https:\/\/www.facebook.com\/diadem.greenroof\" \/>\n<meta property=\"article:modified_time\" content=\"2025-12-04T14:56:00+00:00\" \/>\n<meta property=\"og:image\" content=\"https:\/\/diadem.com\/wp-content\/uploads\/2025\/11\/06_Novo-Nordisk_fyrtarn_ByggrosDK-scaled.jpg\" \/>\n\t<meta property=\"og:image:width\" content=\"2560\" \/>\n\t<meta property=\"og:image:height\" content=\"1298\" \/>\n\t<meta property=\"og:image:type\" content=\"image\/jpeg\" \/>\n<meta name=\"twitter:card\" content=\"summary_large_image\" \/>\n<meta name=\"twitter:label1\" content=\"Becs\u00fclt olvas\u00e1si id\u0151\" \/>\n\t<meta name=\"twitter:data1\" content=\"2 perc\" \/>\n<script type=\"application\/ld+json\" class=\"yoast-schema-graph\">{\"@context\":\"https:\\\/\\\/schema.org\",\"@graph\":[{\"@type\":\"WebPage\",\"@id\":\"https:\\\/\\\/diadem.com\\\/hu\\\/the7_project\\\/duo-oktatasi-kozpont-kert-a-varos-felett\\\/\",\"url\":\"https:\\\/\\\/diadem.com\\\/hu\\\/the7_project\\\/duo-oktatasi-kozpont-kert-a-varos-felett\\\/\",\"name\":\"DUO Oktat\u00e1si K\u00f6zpont \u2013 Kert a v\u00e1ros felett - Diadem\",\"isPartOf\":{\"@id\":\"https:\\\/\\\/diadem.com\\\/hu\\\/#website\"},\"primaryImageOfPage\":{\"@id\":\"https:\\\/\\\/diadem.com\\\/hu\\\/the7_project\\\/duo-oktatasi-kozpont-kert-a-varos-felett\\\/#primaryimage\"},\"image\":{\"@id\":\"https:\\\/\\\/diadem.com\\\/hu\\\/the7_project\\\/duo-oktatasi-kozpont-kert-a-varos-felett\\\/#primaryimage\"},\"thumbnailUrl\":\"https:\\\/\\\/diadem.com\\\/wp-content\\\/uploads\\\/2025\\\/11\\\/06_Novo-Nordisk_fyrtarn_ByggrosDK-scaled.jpg\",\"datePublished\":\"2025-11-10T10:19:01+00:00\",\"dateModified\":\"2025-12-04T14:56:00+00:00\",\"breadcrumb\":{\"@id\":\"https:\\\/\\\/diadem.com\\\/hu\\\/the7_project\\\/duo-oktatasi-kozpont-kert-a-varos-felett\\\/#breadcrumb\"},\"inLanguage\":\"hu\",\"potentialAction\":[{\"@type\":\"ReadAction\",\"target\":[\"https:\\\/\\\/diadem.com\\\/hu\\\/the7_project\\\/duo-oktatasi-kozpont-kert-a-varos-felett\\\/\"]}]},{\"@type\":\"ImageObject\",\"inLanguage\":\"hu\",\"@id\":\"https:\\\/\\\/diadem.com\\\/hu\\\/the7_project\\\/duo-oktatasi-kozpont-kert-a-varos-felett\\\/#primaryimage\",\"url\":\"https:\\\/\\\/diadem.com\\\/wp-content\\\/uploads\\\/2025\\\/11\\\/06_Novo-Nordisk_fyrtarn_ByggrosDK-scaled.jpg\",\"contentUrl\":\"https:\\\/\\\/diadem.com\\\/wp-content\\\/uploads\\\/2025\\\/11\\\/06_Novo-Nordisk_fyrtarn_ByggrosDK-scaled.jpg\",\"width\":2560,\"height\":1298},{\"@type\":\"BreadcrumbList\",\"@id\":\"https:\\\/\\\/diadem.com\\\/hu\\\/the7_project\\\/duo-oktatasi-kozpont-kert-a-varos-felett\\\/#breadcrumb\",\"itemListElement\":[{\"@type\":\"ListItem\",\"position\":1,\"name\":\"Home\",\"item\":\"https:\\\/\\\/diadem.com\\\/hu\\\/\"},{\"@type\":\"ListItem\",\"position\":2,\"name\":\"DUO Oktat\u00e1si K\u00f6zpont \u2013 Kert a v\u00e1ros felett\"}]},{\"@type\":\"WebSite\",\"@id\":\"https:\\\/\\\/diadem.com\\\/hu\\\/#website\",\"url\":\"https:\\\/\\\/diadem.com\\\/hu\\\/\",\"name\":\"Diadem\",\"description\":\"Green Up The Roof!\",\"publisher\":{\"@id\":\"https:\\\/\\\/diadem.com\\\/hu\\\/#organization\"},\"potentialAction\":[{\"@type\":\"SearchAction\",\"target\":{\"@type\":\"EntryPoint\",\"urlTemplate\":\"https:\\\/\\\/diadem.com\\\/hu\\\/?s={search_term_string}\"},\"query-input\":{\"@type\":\"PropertyValueSpecification\",\"valueRequired\":true,\"valueName\":\"search_term_string\"}}],\"inLanguage\":\"hu\"},{\"@type\":\"Organization\",\"@id\":\"https:\\\/\\\/diadem.com\\\/hu\\\/#organization\",\"name\":\"Diadem\",\"url\":\"https:\\\/\\\/diadem.com\\\/hu\\\/\",\"logo\":{\"@type\":\"ImageObject\",\"inLanguage\":\"hu\",\"@id\":\"https:\\\/\\\/diadem.com\\\/hu\\\/#\\\/schema\\\/logo\\\/image\\\/\",\"url\":\"https:\\\/\\\/diadem.com\\\/wp-content\\\/uploads\\\/2020\\\/11\\\/2.png\",\"contentUrl\":\"https:\\\/\\\/diadem.com\\\/wp-content\\\/uploads\\\/2020\\\/11\\\/2.png\",\"width\":1920,\"height\":1080,\"caption\":\"Diadem\"},\"image\":{\"@id\":\"https:\\\/\\\/diadem.com\\\/hu\\\/#\\\/schema\\\/logo\\\/image\\\/\"},\"sameAs\":[\"https:\\\/\\\/www.facebook.com\\\/diadem.greenroof\"]}]}<\/script>\n<!-- \/ Yoast SEO Premium plugin. -->","yoast_head_json":{"title":"DUO Oktat\u00e1si K\u00f6zpont \u2013 Kert a v\u00e1ros felett - Diadem","robots":{"index":"index","follow":"follow","max-snippet":"max-snippet:-1","max-image-preview":"max-image-preview:large","max-video-preview":"max-video-preview:-1"},"canonical":"https:\/\/diadem.com\/hu\/the7_project\/duo-oktatasi-kozpont-kert-a-varos-felett\/","og_locale":"hu_HU","og_type":"article","og_title":"DUO Oktat\u00e1si K\u00f6zpont \u2013 Kert a v\u00e1ros felett","og_description":"11 000 m\u00b2 intenz\u00edv z\u00f6ldtet\u0151 A fenntarthat\u00f3 v\u00e1rosfejleszt\u00e9s egyik kiemelked\u0151 eur\u00f3pai p\u00e9ld\u00e1ja a 2013-ban \u00e1tadott DUO Oktat\u00e1si K\u00f6zpont projektje, ahol a term\u00e9szet \u00e9s az \u00e9p\u00edt\u00e9szet l\u00e1tv\u00e1nyos harm\u00f3ni\u00e1ban tal\u00e1lkozik. A DIADEM-750 t\u00f6bbr\u00e9teg\u0171 intenz\u00edv z\u00f6ldtet\u0151-rendszer egy, a teljes ter\u00fcletet lefed\u0151 m\u00e9lygar\u00e1zs f\u00f6l\u00e9 \u00e9p\u00fclt, \u00e9s egyed\u00fcl\u00e1ll\u00f3 m\u00f3don alak\u00edt \u00e1t 11 000 m\u00b2-nyi tet\u0151fel\u00fcletet ny\u00fczsg\u0151, \u00e9l\u0151 v\u00e1rosi kertt\u00e9. A&hellip;","og_url":"https:\/\/diadem.com\/hu\/the7_project\/duo-oktatasi-kozpont-kert-a-varos-felett\/","og_site_name":"Diadem","article_publisher":"https:\/\/www.facebook.com\/diadem.greenroof","article_modified_time":"2025-12-04T14:56:00+00:00","og_image":[{"width":2560,"height":1298,"url":"https:\/\/diadem.com\/wp-content\/uploads\/2025\/11\/06_Novo-Nordisk_fyrtarn_ByggrosDK-scaled.jpg","type":"image\/jpeg"}],"twitter_card":"summary_large_image","twitter_misc":{"Becs\u00fclt olvas\u00e1si id\u0151":"2 perc"},"schema":{"@context":"https:\/\/schema.org","@graph":[{"@type":"WebPage","@id":"https:\/\/diadem.com\/hu\/the7_project\/duo-oktatasi-kozpont-kert-a-varos-felett\/","url":"https:\/\/diadem.com\/hu\/the7_project\/duo-oktatasi-kozpont-kert-a-varos-felett\/","name":"DUO Oktat\u00e1si K\u00f6zpont \u2013 Kert a v\u00e1ros felett - Diadem","isPartOf":{"@id":"https:\/\/diadem.com\/hu\/#website"},"primaryImageOfPage":{"@id":"https:\/\/diadem.com\/hu\/the7_project\/duo-oktatasi-kozpont-kert-a-varos-felett\/#primaryimage"},"image":{"@id":"https:\/\/diadem.com\/hu\/the7_project\/duo-oktatasi-kozpont-kert-a-varos-felett\/#primaryimage"},"thumbnailUrl":"https:\/\/diadem.com\/wp-content\/uploads\/2025\/11\/06_Novo-Nordisk_fyrtarn_ByggrosDK-scaled.jpg","datePublished":"2025-11-10T10:19:01+00:00","dateModified":"2025-12-04T14:56:00+00:00","breadcrumb":{"@id":"https:\/\/diadem.com\/hu\/the7_project\/duo-oktatasi-kozpont-kert-a-varos-felett\/#breadcrumb"},"inLanguage":"hu","potentialAction":[{"@type":"ReadAction","target":["https:\/\/diadem.com\/hu\/the7_project\/duo-oktatasi-kozpont-kert-a-varos-felett\/"]}]},{"@type":"ImageObject","inLanguage":"hu","@id":"https:\/\/diadem.com\/hu\/the7_project\/duo-oktatasi-kozpont-kert-a-varos-felett\/#primaryimage","url":"https:\/\/diadem.com\/wp-content\/uploads\/2025\/11\/06_Novo-Nordisk_fyrtarn_ByggrosDK-scaled.jpg","contentUrl":"https:\/\/diadem.com\/wp-content\/uploads\/2025\/11\/06_Novo-Nordisk_fyrtarn_ByggrosDK-scaled.jpg","width":2560,"height":1298},{"@type":"BreadcrumbList","@id":"https:\/\/diadem.com\/hu\/the7_project\/duo-oktatasi-kozpont-kert-a-varos-felett\/#breadcrumb","itemListElement":[{"@type":"ListItem","position":1,"name":"Home","item":"https:\/\/diadem.com\/hu\/"},{"@type":"ListItem","position":2,"name":"DUO Oktat\u00e1si K\u00f6zpont \u2013 Kert a v\u00e1ros felett"}]},{"@type":"WebSite","@id":"https:\/\/diadem.com\/hu\/#website","url":"https:\/\/diadem.com\/hu\/","name":"Diadem","description":"Green Up The Roof!","publisher":{"@id":"https:\/\/diadem.com\/hu\/#organization"},"potentialAction":[{"@type":"SearchAction","target":{"@type":"EntryPoint","urlTemplate":"https:\/\/diadem.com\/hu\/?s={search_term_string}"},"query-input":{"@type":"PropertyValueSpecification","valueRequired":true,"valueName":"search_term_string"}}],"inLanguage":"hu"},{"@type":"Organization","@id":"https:\/\/diadem.com\/hu\/#organization","name":"Diadem","url":"https:\/\/diadem.com\/hu\/","logo":{"@type":"ImageObject","inLanguage":"hu","@id":"https:\/\/diadem.com\/hu\/#\/schema\/logo\/image\/","url":"https:\/\/diadem.com\/wp-content\/uploads\/2020\/11\/2.png","contentUrl":"https:\/\/diadem.com\/wp-content\/uploads\/2020\/11\/2.png","width":1920,"height":1080,"caption":"Diadem"},"image":{"@id":"https:\/\/diadem.com\/hu\/#\/schema\/logo\/image\/"},"sameAs":["https:\/\/www.facebook.com\/diadem.greenroof"]}]}},"_links":{"self":[{"href":"https:\/\/diadem.com\/hu\/wp-json\/wp\/v2\/the7_project\/117400","targetHints":{"allow":["GET"]}}],"collection":[{"href":"https:\/\/diadem.com\/hu\/wp-json\/wp\/v2\/the7_project"}],"about":[{"href":"https:\/\/diadem.com\/hu\/wp-json\/wp\/v2\/types\/the7_project"}],"version-history":[{"count":10,"href":"https:\/\/diadem.com\/hu\/wp-json\/wp\/v2\/the7_project\/117400\/revisions"}],"predecessor-version":[{"id":117411,"href":"https:\/\/diadem.com\/hu\/wp-json\/wp\/v2\/the7_project\/117400\/revisions\/117411"}],"wp:featuredmedia":[{"embeddable":true,"href":"https:\/\/diadem.com\/hu\/wp-json\/wp\/v2\/media\/117312"}],"wp:attachment":[{"href":"https:\/\/diadem.com\/hu\/wp-json\/wp\/v2\/media?parent=117400"}],"wp:term":[{"taxonomy":"the7_project_category","embeddable":true,"href":"https:\/\/diadem.com\/hu\/wp-json\/wp\/v2\/the7_project_category?post=117400"}],"curies":[{"name":"wp","href":"https:\/\/api.w.org\/{rel}","templated":true}]}}