{"id":106295,"date":"2024-04-21T21:12:58","date_gmt":"2024-04-21T20:12:58","guid":{"rendered":"https:\/\/diadem.com\/the7_project\/promenada-shopping-center-bucarest-romania\/"},"modified":"2024-12-27T16:48:07","modified_gmt":"2024-12-27T15:48:07","slug":"promenada-shopping-center-bucarest-romania","status":"publish","type":"the7_project","link":"https:\/\/diadem.com\/it\/the7_project\/promenada-shopping-center-bucarest-romania\/","title":{"rendered":"Promenada Shopping Center\/ Bucarest, Romania"},"content":{"rendered":"\t\t<div data-elementor-type=\"wp-post\" data-elementor-id=\"106295\" class=\"elementor elementor-106295 elementor-98284\" data-elementor-post-type=\"the7_project\">\n\t\t\t\t\t\t<section class=\"elementor-section elementor-top-section elementor-element elementor-element-74ec01f1 elementor-section-full_width elementor-section-height-default elementor-section-height-default\" data-id=\"74ec01f1\" data-element_type=\"section\" data-e-type=\"section\">\n\t\t\t\t\t\t<div class=\"elementor-container elementor-column-gap-wider\">\n\t\t\t\t\t<div class=\"elementor-column elementor-col-50 elementor-top-column elementor-element elementor-element-2794f0e6\" data-id=\"2794f0e6\" data-element_type=\"column\" data-e-type=\"column\">\n\t\t\t<div class=\"elementor-widget-wrap elementor-element-populated\">\n\t\t\t\t\t\t<div class=\"elementor-element elementor-element-4d1929a1 elementor-hidden-tablet elementor-hidden-mobile elementor-widget elementor-widget-spacer\" data-id=\"4d1929a1\" data-element_type=\"widget\" data-e-type=\"widget\" data-widget_type=\"spacer.default\">\n\t\t\t\t<div class=\"elementor-widget-container\">\n\t\t\t\t\t\t\t<div class=\"elementor-spacer\">\n\t\t\t<div class=\"elementor-spacer-inner\"><\/div>\n\t\t<\/div>\n\t\t\t\t\t\t<\/div>\n\t\t\t\t<\/div>\n\t\t\t\t<div class=\"elementor-element elementor-element-65e6101c elementor-widget elementor-widget-heading\" data-id=\"65e6101c\" data-element_type=\"widget\" data-e-type=\"widget\" data-widget_type=\"heading.default\">\n\t\t\t\t<div class=\"elementor-widget-container\">\n\t\t\t\t\t<h4 class=\"elementor-heading-title elementor-size-default\">Promenada Shopping Center Bukarest<\/h4>\t\t\t\t<\/div>\n\t\t\t\t<\/div>\n\t\t\t\t<div class=\"elementor-element elementor-element-1090ec5 elementor-widget elementor-widget-spacer\" data-id=\"1090ec5\" data-element_type=\"widget\" data-e-type=\"widget\" data-widget_type=\"spacer.default\">\n\t\t\t\t<div class=\"elementor-widget-container\">\n\t\t\t\t\t\t\t<div class=\"elementor-spacer\">\n\t\t\t<div class=\"elementor-spacer-inner\"><\/div>\n\t\t<\/div>\n\t\t\t\t\t\t<\/div>\n\t\t\t\t<\/div>\n\t\t\t\t<div class=\"elementor-element elementor-element-fa558c8 elementor-widget elementor-widget-text-editor\" data-id=\"fa558c8\" data-element_type=\"widget\" data-e-type=\"widget\" data-widget_type=\"text-editor.default\">\n\t\t\t\t<div class=\"elementor-widget-container\">\n\t\t\t\t\t\t\t\t\t<div class=\"vc_column_container col-md-6\">\n<div class=\"wpb_wrapper vc_column-inner\">\n<div class=\"wpb_text_column wpb_content_element \">\n<div class=\"wpb_wrapper\">\n<p>Sono Mall, Promenada Mall. E probabilmente ho un tetto pi\u00f9 fresco del tuo. <br \/>Il Promenada Mall nel cuore di Bucarest ha subito una trasformazione verde. Situato nella parte settentrionale della citt\u00e0, questo caratteristico centro commerciale \u00e8 all&#8217;avanguardia nella creazione di un ambiente urbano pi\u00f9 incantevole. Perch\u00e9? Te lo diremo noi.    <\/p>\n<p>Il Promenada Mall \u00e8 una destinazione di spicco per lo shopping e l&#8217;intrattenimento, nota per la sua architettura contemporanea e le diverse scelte di shopping, ma contribuisce anche al dinamico paesaggio urbano di Bucarest grazie al suo tetto verde DIADEM\u00ae. La terrazza consente ai visitatori di godersi il verde e tutta la freschezza che deriva dal legame che si ha con la natura.  <\/p>\n<\/div>\n<\/div>\n<\/div>\n<\/div>\n\t\t\t\t\t\t\t\t<\/div>\n\t\t\t\t<\/div>\n\t\t\t\t<div class=\"elementor-element elementor-element-18813cc5 elementor-widget elementor-widget-spacer\" data-id=\"18813cc5\" data-element_type=\"widget\" data-e-type=\"widget\" data-widget_type=\"spacer.default\">\n\t\t\t\t<div class=\"elementor-widget-container\">\n\t\t\t\t\t\t\t<div class=\"elementor-spacer\">\n\t\t\t<div class=\"elementor-spacer-inner\"><\/div>\n\t\t<\/div>\n\t\t\t\t\t\t<\/div>\n\t\t\t\t<\/div>\n\t\t\t\t\t<\/div>\n\t\t<\/div>\n\t\t\t\t<div class=\"elementor-column elementor-col-50 elementor-top-column elementor-element elementor-element-724abfd3\" data-id=\"724abfd3\" data-element_type=\"column\" data-e-type=\"column\" data-settings=\"{&quot;background_background&quot;:&quot;classic&quot;,&quot;background_motion_fx_motion_fx_scrolling&quot;:&quot;yes&quot;,&quot;background_motion_fx_translateY_effect&quot;:&quot;yes&quot;,&quot;background_motion_fx_translateY_direction&quot;:&quot;negative&quot;,&quot;background_motion_fx_translateY_speed&quot;:{&quot;unit&quot;:&quot;px&quot;,&quot;size&quot;:4,&quot;sizes&quot;:[]},&quot;background_motion_fx_translateY_affectedRange&quot;:{&quot;unit&quot;:&quot;%&quot;,&quot;size&quot;:&quot;&quot;,&quot;sizes&quot;:{&quot;start&quot;:0,&quot;end&quot;:100}},&quot;background_motion_fx_devices&quot;:[&quot;desktop&quot;,&quot;tablet&quot;,&quot;mobile&quot;]}\">\n\t\t\t<div class=\"elementor-widget-wrap elementor-element-populated\">\n\t\t\t\t\t<div class=\"elementor-background-overlay\"><\/div>\n\t\t\t\t\t\t<div class=\"elementor-element elementor-element-beaa553 elementor-widget elementor-widget-spacer\" data-id=\"beaa553\" data-element_type=\"widget\" data-e-type=\"widget\" data-widget_type=\"spacer.default\">\n\t\t\t\t<div class=\"elementor-widget-container\">\n\t\t\t\t\t\t\t<div class=\"elementor-spacer\">\n\t\t\t<div class=\"elementor-spacer-inner\"><\/div>\n\t\t<\/div>\n\t\t\t\t\t\t<\/div>\n\t\t\t\t<\/div>\n\t\t\t\t<div class=\"elementor-element elementor-element-34d6761a elementor-widget elementor-widget-image\" data-id=\"34d6761a\" data-element_type=\"widget\" data-e-type=\"widget\" data-widget_type=\"image.default\">\n\t\t\t\t<div class=\"elementor-widget-container\">\n\t\t\t\t\t\t\t\t\t\t\t\t\t\t\t<img fetchpriority=\"high\" decoding=\"async\" width=\"1024\" height=\"683\" src=\"https:\/\/diadem.com\/wp-content\/uploads\/2024\/04\/terasa-promenada-3-1024x683.png\" class=\"attachment-large size-large wp-image-106301\" alt=\"\" srcset=\"https:\/\/diadem.com\/wp-content\/uploads\/2024\/04\/terasa-promenada-3-1024x683.png 1024w, https:\/\/diadem.com\/wp-content\/uploads\/2024\/04\/terasa-promenada-3-300x200.png 300w, https:\/\/diadem.com\/wp-content\/uploads\/2024\/04\/terasa-promenada-3-768x512.png 768w, https:\/\/diadem.com\/wp-content\/uploads\/2024\/04\/terasa-promenada-3.png 1095w\" sizes=\"(max-width: 1024px) 100vw, 1024px\" \/>\t\t\t\t\t\t\t\t\t\t\t\t\t\t\t<\/div>\n\t\t\t\t<\/div>\n\t\t\t\t\t<\/div>\n\t\t<\/div>\n\t\t\t\t\t<\/div>\n\t\t<\/section>\n\t\t\t\t<section class=\"elementor-section elementor-top-section elementor-element elementor-element-ddfecb3 elementor-section-height-min-height elementor-section-items-stretch elementor-section-boxed elementor-section-height-default\" data-id=\"ddfecb3\" data-element_type=\"section\" data-e-type=\"section\">\n\t\t\t\t\t\t<div class=\"elementor-container elementor-column-gap-wider\">\n\t\t\t\t\t<div class=\"elementor-column elementor-col-50 elementor-top-column elementor-element elementor-element-a8c291b\" data-id=\"a8c291b\" data-element_type=\"column\" data-e-type=\"column\">\n\t\t\t<div class=\"elementor-widget-wrap elementor-element-populated\">\n\t\t\t\t\t\t<div class=\"elementor-element elementor-element-fa74118 elementor-widget elementor-widget-heading\" data-id=\"fa74118\" data-element_type=\"widget\" data-e-type=\"widget\" data-widget_type=\"heading.default\">\n\t\t\t\t<div class=\"elementor-widget-container\">\n\t\t\t\t\t<h4 class=\"elementor-heading-title elementor-size-default\">Tetti verd <br>Diadem<\/h4>\t\t\t\t<\/div>\n\t\t\t\t<\/div>\n\t\t\t\t<div class=\"elementor-element elementor-element-249aeda2 elementor-widget elementor-widget-spacer\" data-id=\"249aeda2\" data-element_type=\"widget\" data-e-type=\"widget\" data-widget_type=\"spacer.default\">\n\t\t\t\t<div class=\"elementor-widget-container\">\n\t\t\t\t\t\t\t<div class=\"elementor-spacer\">\n\t\t\t<div class=\"elementor-spacer-inner\"><\/div>\n\t\t<\/div>\n\t\t\t\t\t\t<\/div>\n\t\t\t\t<\/div>\n\t\t\t\t\t<\/div>\n\t\t<\/div>\n\t\t\t\t<div class=\"elementor-column elementor-col-50 elementor-top-column elementor-element elementor-element-0e46228\" data-id=\"0e46228\" data-element_type=\"column\" data-e-type=\"column\">\n\t\t\t<div class=\"elementor-widget-wrap elementor-element-populated\">\n\t\t\t\t\t\t<div class=\"elementor-element elementor-element-76f3f59 elementor-widget elementor-widget-text-editor\" data-id=\"76f3f59\" data-element_type=\"widget\" data-e-type=\"widget\" data-widget_type=\"text-editor.default\">\n\t\t\t\t<div class=\"elementor-widget-container\">\n\t\t\t\t\t\t\t\t\t<div class=\"vc_column_container col-md-6\">\n<div class=\"wpb_wrapper vc_column-inner\">\n<div class=\"wpb_text_column wpb_content_element \">\n<div class=\"wpb_wrapper\">\n<p><strong>L&#8217;impatto dei tetti verdi<\/strong><\/p>\n<p>I tetti verdi sono molto pi\u00f9 di uno strato di vegetazione; sono dei veri e propri elementi di svolta per l&#8217;ambiente. Trasformando i tetti urbani in ecosistemi fiorenti, migliorano l&#8217;ambiente circostante e la qualit\u00e0 della vita. Assorbono l&#8217;acqua piovana, riducendo il deflusso e alleviando la pressione sulle fogne cittadine. Questi ecosistemi migliorano la qualit\u00e0 dell&#8217;aria, assorbono sostanze nocive e mitigano l&#8217;effetto isola di calore urbana, favorendo la resilienza al cambiamento climatico.   <\/p>\n<p><strong>Il nostro impegno ecologico<\/strong><\/p>\n<p>In DIADEM\u00ae, non ci limitiamo a parlare; agiamo quando si tratta di trasformare gli spazi urbani in paradisi naturali. La nostra missione \u00e8 cristallina: creare ambienti eco-consapevoli e sostenibili che migliorino il benessere e abbiano un impatto positivo sul pianeta. Il progetto del tetto verde del Promenada Mall \u00e8 in linea con questi valori, trasformando il paesaggio urbano in un paradiso urbano pi\u00f9 sostenibile, ecologico e visivamente sbalorditivo.  <\/p>\n<p>Bucarest, Romania<\/p>\n<p>Catalin Marcu, Tripadvisor, Promenada Mall<\/p>\n<\/div>\n<\/div>\n<\/div>\n<\/div>\n\t\t\t\t\t\t\t\t<\/div>\n\t\t\t\t<\/div>\n\t\t\t\t\t<\/div>\n\t\t<\/div>\n\t\t\t\t\t<\/div>\n\t\t<\/section>\n\t\t\t\t<section class=\"elementor-section elementor-top-section elementor-element elementor-element-d471b7d elementor-section-height-min-height elementor-section-items-stretch elementor-section-boxed elementor-section-height-default\" data-id=\"d471b7d\" data-element_type=\"section\" data-e-type=\"section\">\n\t\t\t\t\t\t<div class=\"elementor-container elementor-column-gap-wider\">\n\t\t\t\t\t<div class=\"elementor-column elementor-col-33 elementor-top-column elementor-element elementor-element-88dca05\" data-id=\"88dca05\" data-element_type=\"column\" data-e-type=\"column\">\n\t\t\t<div class=\"elementor-widget-wrap elementor-element-populated\">\n\t\t\t\t\t\t<div class=\"elementor-element elementor-element-867a77b elementor-widget elementor-widget-image\" data-id=\"867a77b\" data-element_type=\"widget\" data-e-type=\"widget\" data-widget_type=\"image.default\">\n\t\t\t\t<div class=\"elementor-widget-container\">\n\t\t\t\t\t\t\t\t\t\t\t\t\t\t\t<img decoding=\"async\" width=\"730\" height=\"730\" src=\"https:\/\/diadem.com\/wp-content\/uploads\/2024\/04\/1terasa-promenada-3.png\" class=\"attachment-full size-full wp-image-106299\" alt=\"\" srcset=\"https:\/\/diadem.com\/wp-content\/uploads\/2024\/04\/1terasa-promenada-3.png 730w, https:\/\/diadem.com\/wp-content\/uploads\/2024\/04\/1terasa-promenada-3-300x300.png 300w, https:\/\/diadem.com\/wp-content\/uploads\/2024\/04\/1terasa-promenada-3-150x150.png 150w, https:\/\/diadem.com\/wp-content\/uploads\/2024\/04\/1terasa-promenada-3-200x200.png 200w\" sizes=\"(max-width: 730px) 100vw, 730px\" \/>\t\t\t\t\t\t\t\t\t\t\t\t\t\t\t<\/div>\n\t\t\t\t<\/div>\n\t\t\t\t\t<\/div>\n\t\t<\/div>\n\t\t\t\t<div class=\"elementor-column elementor-col-33 elementor-top-column elementor-element elementor-element-2e94dc4\" data-id=\"2e94dc4\" data-element_type=\"column\" data-e-type=\"column\">\n\t\t\t<div class=\"elementor-widget-wrap elementor-element-populated\">\n\t\t\t\t\t\t<div class=\"elementor-element elementor-element-c3c9c4d elementor-widget elementor-widget-image\" data-id=\"c3c9c4d\" data-element_type=\"widget\" data-e-type=\"widget\" data-widget_type=\"image.default\">\n\t\t\t\t<div class=\"elementor-widget-container\">\n\t\t\t\t\t\t\t\t\t\t\t\t\t\t\t<img decoding=\"async\" width=\"640\" height=\"640\" src=\"https:\/\/diadem.com\/wp-content\/uploads\/2024\/04\/1metropotam.jpg\" class=\"attachment-full size-full wp-image-106297\" alt=\"\" srcset=\"https:\/\/diadem.com\/wp-content\/uploads\/2024\/04\/1metropotam.jpg 640w, https:\/\/diadem.com\/wp-content\/uploads\/2024\/04\/1metropotam-300x300.jpg 300w, https:\/\/diadem.com\/wp-content\/uploads\/2024\/04\/1metropotam-150x150.jpg 150w, https:\/\/diadem.com\/wp-content\/uploads\/2024\/04\/1metropotam-200x200.jpg 200w\" sizes=\"(max-width: 640px) 100vw, 640px\" \/>\t\t\t\t\t\t\t\t\t\t\t\t\t\t\t<\/div>\n\t\t\t\t<\/div>\n\t\t\t\t\t<\/div>\n\t\t<\/div>\n\t\t\t\t<div class=\"elementor-column elementor-col-33 elementor-top-column elementor-element elementor-element-6bb9230\" data-id=\"6bb9230\" data-element_type=\"column\" data-e-type=\"column\">\n\t\t\t<div class=\"elementor-widget-wrap elementor-element-populated\">\n\t\t\t\t\t\t<div class=\"elementor-element elementor-element-6f635f8 elementor-widget elementor-widget-image\" data-id=\"6f635f8\" data-element_type=\"widget\" data-e-type=\"widget\" data-widget_type=\"image.default\">\n\t\t\t\t<div class=\"elementor-widget-container\">\n\t\t\t\t\t\t\t\t\t\t\t\t\t\t\t<img loading=\"lazy\" decoding=\"async\" width=\"683\" height=\"683\" src=\"https:\/\/diadem.com\/wp-content\/uploads\/2024\/04\/1Promenada-Mall_2.jpg\" class=\"attachment-full size-full wp-image-106298\" alt=\"\" srcset=\"https:\/\/diadem.com\/wp-content\/uploads\/2024\/04\/1Promenada-Mall_2.jpg 683w, https:\/\/diadem.com\/wp-content\/uploads\/2024\/04\/1Promenada-Mall_2-300x300.jpg 300w, https:\/\/diadem.com\/wp-content\/uploads\/2024\/04\/1Promenada-Mall_2-150x150.jpg 150w, https:\/\/diadem.com\/wp-content\/uploads\/2024\/04\/1Promenada-Mall_2-200x200.jpg 200w\" sizes=\"(max-width: 683px) 100vw, 683px\" \/>\t\t\t\t\t\t\t\t\t\t\t\t\t\t\t<\/div>\n\t\t\t\t<\/div>\n\t\t\t\t\t<\/div>\n\t\t<\/div>\n\t\t\t\t\t<\/div>\n\t\t<\/section>\n\t\t\t\t<\/div>\n\t\t","protected":false},"excerpt":{"rendered":"<p>Promenada Shopping Center Bukarest Sono Mall, Promenada Mall. E probabilmente ho un tetto pi\u00f9 fresco del tuo. Il Promenada Mall nel cuore di Bucarest ha subito una trasformazione verde. Situato nella parte settentrionale della citt\u00e0, questo caratteristico centro commerciale \u00e8 all&#8217;avanguardia nella creazione di un ambiente urbano pi\u00f9 incantevole. Perch\u00e9? Te lo diremo noi. Il&hellip;<\/p>\n","protected":false},"featured_media":106296,"template":"","meta":{"_acf_changed":false},"the7_project_category":[455],"class_list":["post-106295","the7_project","type-the7_project","status-publish","has-post-thumbnail","hentry","the7_project_category-diadem-projects-it"],"acf":[],"yoast_head":"<!-- This site is optimized with the Yoast SEO Premium plugin v27.3 (Yoast SEO v27.3) - https:\/\/yoast.com\/product\/yoast-seo-premium-wordpress\/ -->\n<title>Promenada Shopping Center\/ Bucarest, Romania - Diadem<\/title>\n<meta name=\"robots\" content=\"index, follow, max-snippet:-1, max-image-preview:large, max-video-preview:-1\" \/>\n<link rel=\"canonical\" href=\"https:\/\/diadem.com\/it\/the7_project\/promenada-shopping-center-bucarest-romania\/\" \/>\n<meta property=\"og:locale\" content=\"it_IT\" \/>\n<meta property=\"og:type\" content=\"article\" \/>\n<meta property=\"og:title\" content=\"Promenada Shopping Center\/ Bucarest, Romania\" \/>\n<meta property=\"og:description\" content=\"Promenada Shopping Center Bukarest Sono Mall, Promenada Mall. E probabilmente ho un tetto pi\u00f9 fresco del tuo. Il Promenada Mall nel cuore di Bucarest ha subito una trasformazione verde. Situato nella parte settentrionale della citt\u00e0, questo caratteristico centro commerciale \u00e8 all&#8217;avanguardia nella creazione di un ambiente urbano pi\u00f9 incantevole. Perch\u00e9? Te lo diremo noi. Il&hellip;\" \/>\n<meta property=\"og:url\" content=\"https:\/\/diadem.com\/it\/the7_project\/promenada-shopping-center-bucarest-romania\/\" \/>\n<meta property=\"og:site_name\" content=\"Diadem\" \/>\n<meta property=\"article:publisher\" content=\"https:\/\/www.facebook.com\/diadem.greenroof\" \/>\n<meta property=\"article:modified_time\" content=\"2024-12-27T15:48:07+00:00\" \/>\n<meta property=\"og:image\" content=\"https:\/\/diadem.com\/wp-content\/uploads\/2024\/04\/Promenada-NEPI-Rockcastle-scaled.jpg\" \/>\n\t<meta property=\"og:image:width\" content=\"2560\" \/>\n\t<meta property=\"og:image:height\" content=\"1255\" \/>\n\t<meta property=\"og:image:type\" content=\"image\/jpeg\" \/>\n<meta name=\"twitter:card\" content=\"summary_large_image\" \/>\n<meta name=\"twitter:label1\" content=\"Tempo di lettura stimato\" \/>\n\t<meta name=\"twitter:data1\" content=\"1 minuto\" \/>\n<script type=\"application\/ld+json\" class=\"yoast-schema-graph\">{\"@context\":\"https:\\\/\\\/schema.org\",\"@graph\":[{\"@type\":\"WebPage\",\"@id\":\"https:\\\/\\\/diadem.com\\\/it\\\/the7_project\\\/promenada-shopping-center-bucarest-romania\\\/\",\"url\":\"https:\\\/\\\/diadem.com\\\/it\\\/the7_project\\\/promenada-shopping-center-bucarest-romania\\\/\",\"name\":\"Promenada Shopping Center\\\/ Bucarest, Romania - Diadem\",\"isPartOf\":{\"@id\":\"https:\\\/\\\/diadem.com\\\/it\\\/#website\"},\"primaryImageOfPage\":{\"@id\":\"https:\\\/\\\/diadem.com\\\/it\\\/the7_project\\\/promenada-shopping-center-bucarest-romania\\\/#primaryimage\"},\"image\":{\"@id\":\"https:\\\/\\\/diadem.com\\\/it\\\/the7_project\\\/promenada-shopping-center-bucarest-romania\\\/#primaryimage\"},\"thumbnailUrl\":\"https:\\\/\\\/diadem.com\\\/wp-content\\\/uploads\\\/2024\\\/04\\\/Promenada-NEPI-Rockcastle-scaled.jpg\",\"datePublished\":\"2024-04-21T20:12:58+00:00\",\"dateModified\":\"2024-12-27T15:48:07+00:00\",\"breadcrumb\":{\"@id\":\"https:\\\/\\\/diadem.com\\\/it\\\/the7_project\\\/promenada-shopping-center-bucarest-romania\\\/#breadcrumb\"},\"inLanguage\":\"it-IT\",\"potentialAction\":[{\"@type\":\"ReadAction\",\"target\":[\"https:\\\/\\\/diadem.com\\\/it\\\/the7_project\\\/promenada-shopping-center-bucarest-romania\\\/\"]}]},{\"@type\":\"ImageObject\",\"inLanguage\":\"it-IT\",\"@id\":\"https:\\\/\\\/diadem.com\\\/it\\\/the7_project\\\/promenada-shopping-center-bucarest-romania\\\/#primaryimage\",\"url\":\"https:\\\/\\\/diadem.com\\\/wp-content\\\/uploads\\\/2024\\\/04\\\/Promenada-NEPI-Rockcastle-scaled.jpg\",\"contentUrl\":\"https:\\\/\\\/diadem.com\\\/wp-content\\\/uploads\\\/2024\\\/04\\\/Promenada-NEPI-Rockcastle-scaled.jpg\",\"width\":2560,\"height\":1255},{\"@type\":\"BreadcrumbList\",\"@id\":\"https:\\\/\\\/diadem.com\\\/it\\\/the7_project\\\/promenada-shopping-center-bucarest-romania\\\/#breadcrumb\",\"itemListElement\":[{\"@type\":\"ListItem\",\"position\":1,\"name\":\"Home\",\"item\":\"https:\\\/\\\/diadem.com\\\/it\\\/\"},{\"@type\":\"ListItem\",\"position\":2,\"name\":\"Promenada Shopping Center\\\/ Bucarest, Romania\"}]},{\"@type\":\"WebSite\",\"@id\":\"https:\\\/\\\/diadem.com\\\/it\\\/#website\",\"url\":\"https:\\\/\\\/diadem.com\\\/it\\\/\",\"name\":\"Diadem\",\"description\":\"Green Up The Roof!\",\"publisher\":{\"@id\":\"https:\\\/\\\/diadem.com\\\/it\\\/#organization\"},\"potentialAction\":[{\"@type\":\"SearchAction\",\"target\":{\"@type\":\"EntryPoint\",\"urlTemplate\":\"https:\\\/\\\/diadem.com\\\/it\\\/?s={search_term_string}\"},\"query-input\":{\"@type\":\"PropertyValueSpecification\",\"valueRequired\":true,\"valueName\":\"search_term_string\"}}],\"inLanguage\":\"it-IT\"},{\"@type\":\"Organization\",\"@id\":\"https:\\\/\\\/diadem.com\\\/it\\\/#organization\",\"name\":\"Diadem\",\"url\":\"https:\\\/\\\/diadem.com\\\/it\\\/\",\"logo\":{\"@type\":\"ImageObject\",\"inLanguage\":\"it-IT\",\"@id\":\"https:\\\/\\\/diadem.com\\\/it\\\/#\\\/schema\\\/logo\\\/image\\\/\",\"url\":\"https:\\\/\\\/diadem.com\\\/wp-content\\\/uploads\\\/2020\\\/11\\\/2.png\",\"contentUrl\":\"https:\\\/\\\/diadem.com\\\/wp-content\\\/uploads\\\/2020\\\/11\\\/2.png\",\"width\":1920,\"height\":1080,\"caption\":\"Diadem\"},\"image\":{\"@id\":\"https:\\\/\\\/diadem.com\\\/it\\\/#\\\/schema\\\/logo\\\/image\\\/\"},\"sameAs\":[\"https:\\\/\\\/www.facebook.com\\\/diadem.greenroof\"]}]}<\/script>\n<!-- \/ Yoast SEO Premium plugin. -->","yoast_head_json":{"title":"Promenada Shopping Center\/ Bucarest, Romania - Diadem","robots":{"index":"index","follow":"follow","max-snippet":"max-snippet:-1","max-image-preview":"max-image-preview:large","max-video-preview":"max-video-preview:-1"},"canonical":"https:\/\/diadem.com\/it\/the7_project\/promenada-shopping-center-bucarest-romania\/","og_locale":"it_IT","og_type":"article","og_title":"Promenada Shopping Center\/ Bucarest, Romania","og_description":"Promenada Shopping Center Bukarest Sono Mall, Promenada Mall. E probabilmente ho un tetto pi\u00f9 fresco del tuo. Il Promenada Mall nel cuore di Bucarest ha subito una trasformazione verde. Situato nella parte settentrionale della citt\u00e0, questo caratteristico centro commerciale \u00e8 all&#8217;avanguardia nella creazione di un ambiente urbano pi\u00f9 incantevole. Perch\u00e9? Te lo diremo noi. Il&hellip;","og_url":"https:\/\/diadem.com\/it\/the7_project\/promenada-shopping-center-bucarest-romania\/","og_site_name":"Diadem","article_publisher":"https:\/\/www.facebook.com\/diadem.greenroof","article_modified_time":"2024-12-27T15:48:07+00:00","og_image":[{"width":2560,"height":1255,"url":"https:\/\/diadem.com\/wp-content\/uploads\/2024\/04\/Promenada-NEPI-Rockcastle-scaled.jpg","type":"image\/jpeg"}],"twitter_card":"summary_large_image","twitter_misc":{"Tempo di lettura stimato":"1 minuto"},"schema":{"@context":"https:\/\/schema.org","@graph":[{"@type":"WebPage","@id":"https:\/\/diadem.com\/it\/the7_project\/promenada-shopping-center-bucarest-romania\/","url":"https:\/\/diadem.com\/it\/the7_project\/promenada-shopping-center-bucarest-romania\/","name":"Promenada Shopping Center\/ Bucarest, Romania - Diadem","isPartOf":{"@id":"https:\/\/diadem.com\/it\/#website"},"primaryImageOfPage":{"@id":"https:\/\/diadem.com\/it\/the7_project\/promenada-shopping-center-bucarest-romania\/#primaryimage"},"image":{"@id":"https:\/\/diadem.com\/it\/the7_project\/promenada-shopping-center-bucarest-romania\/#primaryimage"},"thumbnailUrl":"https:\/\/diadem.com\/wp-content\/uploads\/2024\/04\/Promenada-NEPI-Rockcastle-scaled.jpg","datePublished":"2024-04-21T20:12:58+00:00","dateModified":"2024-12-27T15:48:07+00:00","breadcrumb":{"@id":"https:\/\/diadem.com\/it\/the7_project\/promenada-shopping-center-bucarest-romania\/#breadcrumb"},"inLanguage":"it-IT","potentialAction":[{"@type":"ReadAction","target":["https:\/\/diadem.com\/it\/the7_project\/promenada-shopping-center-bucarest-romania\/"]}]},{"@type":"ImageObject","inLanguage":"it-IT","@id":"https:\/\/diadem.com\/it\/the7_project\/promenada-shopping-center-bucarest-romania\/#primaryimage","url":"https:\/\/diadem.com\/wp-content\/uploads\/2024\/04\/Promenada-NEPI-Rockcastle-scaled.jpg","contentUrl":"https:\/\/diadem.com\/wp-content\/uploads\/2024\/04\/Promenada-NEPI-Rockcastle-scaled.jpg","width":2560,"height":1255},{"@type":"BreadcrumbList","@id":"https:\/\/diadem.com\/it\/the7_project\/promenada-shopping-center-bucarest-romania\/#breadcrumb","itemListElement":[{"@type":"ListItem","position":1,"name":"Home","item":"https:\/\/diadem.com\/it\/"},{"@type":"ListItem","position":2,"name":"Promenada Shopping Center\/ Bucarest, Romania"}]},{"@type":"WebSite","@id":"https:\/\/diadem.com\/it\/#website","url":"https:\/\/diadem.com\/it\/","name":"Diadem","description":"Green Up The Roof!","publisher":{"@id":"https:\/\/diadem.com\/it\/#organization"},"potentialAction":[{"@type":"SearchAction","target":{"@type":"EntryPoint","urlTemplate":"https:\/\/diadem.com\/it\/?s={search_term_string}"},"query-input":{"@type":"PropertyValueSpecification","valueRequired":true,"valueName":"search_term_string"}}],"inLanguage":"it-IT"},{"@type":"Organization","@id":"https:\/\/diadem.com\/it\/#organization","name":"Diadem","url":"https:\/\/diadem.com\/it\/","logo":{"@type":"ImageObject","inLanguage":"it-IT","@id":"https:\/\/diadem.com\/it\/#\/schema\/logo\/image\/","url":"https:\/\/diadem.com\/wp-content\/uploads\/2020\/11\/2.png","contentUrl":"https:\/\/diadem.com\/wp-content\/uploads\/2020\/11\/2.png","width":1920,"height":1080,"caption":"Diadem"},"image":{"@id":"https:\/\/diadem.com\/it\/#\/schema\/logo\/image\/"},"sameAs":["https:\/\/www.facebook.com\/diadem.greenroof"]}]}},"_links":{"self":[{"href":"https:\/\/diadem.com\/it\/wp-json\/wp\/v2\/the7_project\/106295","targetHints":{"allow":["GET"]}}],"collection":[{"href":"https:\/\/diadem.com\/it\/wp-json\/wp\/v2\/the7_project"}],"about":[{"href":"https:\/\/diadem.com\/it\/wp-json\/wp\/v2\/types\/the7_project"}],"version-history":[{"count":2,"href":"https:\/\/diadem.com\/it\/wp-json\/wp\/v2\/the7_project\/106295\/revisions"}],"predecessor-version":[{"id":106303,"href":"https:\/\/diadem.com\/it\/wp-json\/wp\/v2\/the7_project\/106295\/revisions\/106303"}],"wp:featuredmedia":[{"embeddable":true,"href":"https:\/\/diadem.com\/it\/wp-json\/wp\/v2\/media\/106296"}],"wp:attachment":[{"href":"https:\/\/diadem.com\/it\/wp-json\/wp\/v2\/media?parent=106295"}],"wp:term":[{"taxonomy":"the7_project_category","embeddable":true,"href":"https:\/\/diadem.com\/it\/wp-json\/wp\/v2\/the7_project_category?post=106295"}],"curies":[{"name":"wp","href":"https:\/\/api.w.org\/{rel}","templated":true}]}}